{"id":147,"date":"2022-01-17T20:12:02","date_gmt":"2022-01-17T19:12:02","guid":{"rendered":"http:\/\/localhost\/tabanofilms\/?page_id=147"},"modified":"2022-02-18T13:44:33","modified_gmt":"2022-02-18T12:44:33","slug":"rutas","status":"publish","type":"page","link":"https:\/\/tabanobike.com\/eu\/rutas\/","title":{"rendered":"Ibilbideak"},"content":{"rendered":"<p><\/p>\n\n\n<style>.wp-show-posts-columns#wpsp-188 {margin-left: -2em; }.wp-show-posts-columns#wpsp-188 .wp-show-posts-inner {margin: 0 0 2em 2em; }<\/style><section id=\"wpsp-188\" class=\"wp-show-posts-columns wp-show-posts\" style=\"\"><article class=\"wp-show-posts-single post-1346 page type-page status-publish has-post-thumbnail hentry category-mtb category-soria wpsp-col-4\" itemtype=\"http:\/\/schema.org\/CreativeWork\" itemscope><div class=\"wp-show-posts-inner\" style=\"\">\t\t<div class=\"wp-show-posts-image  wpsp-image-center\">\n\t\t\t<a href=\"https:\/\/tabanobike.com\/eu\/rutas\/canon-del-rio-lobos\/\"  title=\"Ca\u00f1\u00f3n del Rio Lobos\"><img loading=\"lazy\" decoding=\"async\" width=\"2560\" height=\"1920\" src=\"https:\/\/tabanobike.com\/wp-content\/uploads\/2023\/01\/IMG_20221030_095016-scaled.jpg\" class=\"attachment-full size-full wp-post-image\" alt=\"\" itemprop=\"image\" srcset=\"https:\/\/tabanobike.com\/wp-content\/uploads\/2023\/01\/IMG_20221030_095016-scaled.jpg 2560w, https:\/\/tabanobike.com\/wp-content\/uploads\/2023\/01\/IMG_20221030_095016-300x225.jpg 300w, https:\/\/tabanobike.com\/wp-content\/uploads\/2023\/01\/IMG_20221030_095016-1024x768.jpg 1024w, https:\/\/tabanobike.com\/wp-content\/uploads\/2023\/01\/IMG_20221030_095016-768x576.jpg 768w, https:\/\/tabanobike.com\/wp-content\/uploads\/2023\/01\/IMG_20221030_095016-1536x1152.jpg 1536w, https:\/\/tabanobike.com\/wp-content\/uploads\/2023\/01\/IMG_20221030_095016-2048x1536.jpg 2048w, https:\/\/tabanobike.com\/wp-content\/uploads\/2023\/01\/IMG_20221030_095016-16x12.jpg 16w\" sizes=\"auto, (max-width: 2560px) 100vw, 2560px\" \/><\/a>\t\t<\/div>\n\t\t\t\t\t\t\t\t<header class=\"wp-show-posts-entry-header\">\n\t\t\t\t\t\t\t<h4 class=\"wp-show-posts-entry-title\" itemprop=\"headline\"><a href=\"https:\/\/tabanobike.com\/eu\/rutas\/canon-del-rio-lobos\/\" rel=\"bookmark\">Ca\u00f1\u00f3n del Rio Lobos<\/a><\/h4><div class=\"wp-show-posts-entry-meta wp-show-posts-entry-meta-below-title post-meta-inline\"><span class=\"wp-show-posts-posted-on wp-show-posts-meta\">\n\t\t\t\t\t<a href=\"https:\/\/tabanobike.com\/eu\/rutas\/canon-del-rio-lobos\/\" title=\"\" rel=\"bookmark\"><time class=\"wp-show-posts-entry-date published\" datetime=\"2023-01-16T21:05:47+01:00\" itemprop=\"datePublished\"><\/time><time class=\"wp-show-posts-updated\" datetime=\"2023-10-22T18:26:22+02:00\" itemprop=\"dateModified\"><\/time><\/a>\n\t\t\t\t<\/span><\/div>\t\t\t\t\t\t<\/header><!-- .entry-header -->\n\t\t\t\t\t\t\t\t\t\t\t<div class=\"wp-show-posts-entry-summary\" itemprop=\"text\">\n\t\t\t\t\t\t\t<p>Lugar de salida: Ucero (Soria) Salida de monta\u00f1a desde Ucero, para disfrutar del espectacular Ca\u00f1on del Rio Lobos y el GR-86, una ruta apta para todos los p\u00fablicos que nos&#8230;<\/p>\n\t\t\t\t\t\t<\/div><!-- .entry-summary -->\n\t\t\t\t\t<div class=\"wpsp-read-more\"><a title=\"Ca\u00f1\u00f3n del Rio Lobos\" class=\"wp-show-posts-read-more\" href=\"https:\/\/tabanobike.com\/eu\/rutas\/canon-del-rio-lobos\/\">Sartu<\/a><\/div><\/div><!-- wp-show-posts-inner --><\/article><article class=\"wp-show-posts-single post-1341 page type-page status-publish has-post-thumbnail hentry category-burgos category-mtb wpsp-col-4\" itemtype=\"http:\/\/schema.org\/CreativeWork\" itemscope><div class=\"wp-show-posts-inner\" style=\"\">\t\t<div class=\"wp-show-posts-image  wpsp-image-center\">\n\t\t\t<a href=\"https:\/\/tabanobike.com\/eu\/rutas\/sad-hill\/\"  title=\"Sad Hill\"><img loading=\"lazy\" decoding=\"async\" width=\"2560\" height=\"1920\" src=\"https:\/\/tabanobike.com\/wp-content\/uploads\/2023\/01\/IMG_20221029_130405__01-scaled.jpg\" class=\"attachment-full size-full wp-post-image\" alt=\"\" itemprop=\"image\" srcset=\"https:\/\/tabanobike.com\/wp-content\/uploads\/2023\/01\/IMG_20221029_130405__01-scaled.jpg 2560w, https:\/\/tabanobike.com\/wp-content\/uploads\/2023\/01\/IMG_20221029_130405__01-300x225.jpg 300w, https:\/\/tabanobike.com\/wp-content\/uploads\/2023\/01\/IMG_20221029_130405__01-1024x768.jpg 1024w, https:\/\/tabanobike.com\/wp-content\/uploads\/2023\/01\/IMG_20221029_130405__01-768x576.jpg 768w, https:\/\/tabanobike.com\/wp-content\/uploads\/2023\/01\/IMG_20221029_130405__01-1536x1152.jpg 1536w, https:\/\/tabanobike.com\/wp-content\/uploads\/2023\/01\/IMG_20221029_130405__01-2048x1536.jpg 2048w, https:\/\/tabanobike.com\/wp-content\/uploads\/2023\/01\/IMG_20221029_130405__01-16x12.jpg 16w\" sizes=\"auto, (max-width: 2560px) 100vw, 2560px\" \/><\/a>\t\t<\/div>\n\t\t\t\t\t\t\t\t<header class=\"wp-show-posts-entry-header\">\n\t\t\t\t\t\t\t<h4 class=\"wp-show-posts-entry-title\" itemprop=\"headline\"><a href=\"https:\/\/tabanobike.com\/eu\/rutas\/sad-hill\/\" rel=\"bookmark\">Sad Hill<\/a><\/h4><div class=\"wp-show-posts-entry-meta wp-show-posts-entry-meta-below-title post-meta-inline\"><span class=\"wp-show-posts-posted-on wp-show-posts-meta\">\n\t\t\t\t\t<a href=\"https:\/\/tabanobike.com\/eu\/rutas\/sad-hill\/\" title=\"\" rel=\"bookmark\"><time class=\"wp-show-posts-entry-date published\" datetime=\"2023-01-16T20:40:29+01:00\" itemprop=\"datePublished\"><\/time><time class=\"wp-show-posts-updated\" datetime=\"2023-01-16T20:40:30+01:00\" itemprop=\"dateModified\"><\/time><\/a>\n\t\t\t\t<\/span><\/div>\t\t\t\t\t\t<\/header><!-- .entry-header -->\n\t\t\t\t\t\t\t\t\t\t\t<div class=\"wp-show-posts-entry-summary\" itemprop=\"text\">\n\t\t\t\t\t\t\t<p>Lugar de salida: La Revilla (Burgos) Salida de monta\u00f1a desde La Revilla (poblaci\u00f3n cercana a Salas de los Infantes) recorriendo las sendas y pueblos de las cercan\u00edas de Covarrubias, Contreras&#8230;<\/p>\n\t\t\t\t\t\t<\/div><!-- .entry-summary -->\n\t\t\t\t\t<div class=\"wpsp-read-more\"><a title=\"Sad Hill\" class=\"wp-show-posts-read-more\" href=\"https:\/\/tabanobike.com\/eu\/rutas\/sad-hill\/\">Sartu<\/a><\/div><\/div><!-- wp-show-posts-inner --><\/article><article class=\"wp-show-posts-single post-1250 page type-page status-publish has-post-thumbnail hentry category-mtb category-euskadi wpsp-col-4\" itemtype=\"http:\/\/schema.org\/CreativeWork\" itemscope><div class=\"wp-show-posts-inner\" style=\"\">\t\t<div class=\"wp-show-posts-image  wpsp-image-center\">\n\t\t\t<a href=\"https:\/\/tabanobike.com\/eu\/rutas\/urturi-izki\/\"  title=\"Urturi &#8211; Izki\"><img loading=\"lazy\" decoding=\"async\" width=\"2048\" height=\"1536\" src=\"https:\/\/tabanobike.com\/wp-content\/uploads\/2022\/10\/WhatsApp-Image-2022-10-15-at-14.30.37.jpeg\" class=\"attachment-full size-full wp-post-image\" alt=\"\" itemprop=\"image\" srcset=\"https:\/\/tabanobike.com\/wp-content\/uploads\/2022\/10\/WhatsApp-Image-2022-10-15-at-14.30.37.jpeg 2048w, https:\/\/tabanobike.com\/wp-content\/uploads\/2022\/10\/WhatsApp-Image-2022-10-15-at-14.30.37-300x225.jpeg 300w, https:\/\/tabanobike.com\/wp-content\/uploads\/2022\/10\/WhatsApp-Image-2022-10-15-at-14.30.37-1024x768.jpeg 1024w, https:\/\/tabanobike.com\/wp-content\/uploads\/2022\/10\/WhatsApp-Image-2022-10-15-at-14.30.37-768x576.jpeg 768w, https:\/\/tabanobike.com\/wp-content\/uploads\/2022\/10\/WhatsApp-Image-2022-10-15-at-14.30.37-1536x1152.jpeg 1536w, https:\/\/tabanobike.com\/wp-content\/uploads\/2022\/10\/WhatsApp-Image-2022-10-15-at-14.30.37-16x12.jpeg 16w\" sizes=\"auto, (max-width: 2048px) 100vw, 2048px\" \/><\/a>\t\t<\/div>\n\t\t\t\t\t\t\t\t<header class=\"wp-show-posts-entry-header\">\n\t\t\t\t\t\t\t<h4 class=\"wp-show-posts-entry-title\" itemprop=\"headline\"><a href=\"https:\/\/tabanobike.com\/eu\/rutas\/urturi-izki\/\" rel=\"bookmark\">Urturi &#8211; Izki<\/a><\/h4><div class=\"wp-show-posts-entry-meta wp-show-posts-entry-meta-below-title post-meta-inline\"><span class=\"wp-show-posts-posted-on wp-show-posts-meta\">\n\t\t\t\t\t<a href=\"https:\/\/tabanobike.com\/eu\/rutas\/urturi-izki\/\" title=\"\" rel=\"bookmark\"><time class=\"wp-show-posts-entry-date published\" datetime=\"2022-10-17T22:04:55+02:00\" itemprop=\"datePublished\"><\/time><time class=\"wp-show-posts-updated\" datetime=\"2022-10-21T19:08:54+02:00\" itemprop=\"dateModified\"><\/time><\/a>\n\t\t\t\t<\/span><\/div>\t\t\t\t\t\t<\/header><!-- .entry-header -->\n\t\t\t\t\t\t\t\t\t\t\t<div class=\"wp-show-posts-entry-summary\" itemprop=\"text\">\n\t\t\t\t\t\t\t<p>Lugar de salida: Urturi (Alaba), Urturi Golf Salida de monta\u00f1a, en esta ocasi\u00f3n partiendo de Urturi, centro de acogida btt, haremos una ruta diferente por los alrededores del parque visitando&#8230;<\/p>\n\t\t\t\t\t\t<\/div><!-- .entry-summary -->\n\t\t\t\t\t<div class=\"wpsp-read-more\"><a title=\"Urturi &#8211; Izki\" class=\"wp-show-posts-read-more\" href=\"https:\/\/tabanobike.com\/eu\/rutas\/urturi-izki\/\">Sartu<\/a><\/div><\/div><!-- wp-show-posts-inner --><\/article><article class=\"wp-show-posts-single post-1237 page type-page status-publish has-post-thumbnail hentry category-mtb category-euskadi wpsp-col-4\" itemtype=\"http:\/\/schema.org\/CreativeWork\" itemscope><div class=\"wp-show-posts-inner\" style=\"\">\t\t<div class=\"wp-show-posts-image  wpsp-image-center\">\n\t\t\t<a href=\"https:\/\/tabanobike.com\/eu\/rutas\/eibar-ondarroa-oiz\/\"  title=\"Eibar &#8211; Ondarroa &#8211; Oiz\"><img loading=\"lazy\" decoding=\"async\" width=\"2560\" height=\"1920\" src=\"https:\/\/tabanobike.com\/wp-content\/uploads\/2022\/10\/IMG_20211009_154503-scaled.jpg\" class=\"attachment-full size-full wp-post-image\" alt=\"\" itemprop=\"image\" srcset=\"https:\/\/tabanobike.com\/wp-content\/uploads\/2022\/10\/IMG_20211009_154503-scaled.jpg 2560w, https:\/\/tabanobike.com\/wp-content\/uploads\/2022\/10\/IMG_20211009_154503-300x225.jpg 300w, https:\/\/tabanobike.com\/wp-content\/uploads\/2022\/10\/IMG_20211009_154503-1024x768.jpg 1024w, https:\/\/tabanobike.com\/wp-content\/uploads\/2022\/10\/IMG_20211009_154503-768x576.jpg 768w, https:\/\/tabanobike.com\/wp-content\/uploads\/2022\/10\/IMG_20211009_154503-1536x1152.jpg 1536w, https:\/\/tabanobike.com\/wp-content\/uploads\/2022\/10\/IMG_20211009_154503-2048x1536.jpg 2048w, https:\/\/tabanobike.com\/wp-content\/uploads\/2022\/10\/IMG_20211009_154503-16x12.jpg 16w\" sizes=\"auto, (max-width: 2560px) 100vw, 2560px\" \/><\/a>\t\t<\/div>\n\t\t\t\t\t\t\t\t<header class=\"wp-show-posts-entry-header\">\n\t\t\t\t\t\t\t<h4 class=\"wp-show-posts-entry-title\" itemprop=\"headline\"><a href=\"https:\/\/tabanobike.com\/eu\/rutas\/eibar-ondarroa-oiz\/\" rel=\"bookmark\">Eibar &#8211; Ondarroa &#8211; Oiz<\/a><\/h4><div class=\"wp-show-posts-entry-meta wp-show-posts-entry-meta-below-title post-meta-inline\"><span class=\"wp-show-posts-posted-on wp-show-posts-meta\">\n\t\t\t\t\t<a href=\"https:\/\/tabanobike.com\/eu\/rutas\/eibar-ondarroa-oiz\/\" title=\"\" rel=\"bookmark\"><time class=\"wp-show-posts-entry-date published\" datetime=\"2022-10-14T09:07:56+02:00\" itemprop=\"datePublished\"><\/time><time class=\"wp-show-posts-updated\" datetime=\"2022-10-14T09:11:07+02:00\" itemprop=\"dateModified\"><\/time><\/a>\n\t\t\t\t<\/span><\/div>\t\t\t\t\t\t<\/header><!-- .entry-header -->\n\t\t\t\t\t\t\t\t\t\t\t<div class=\"wp-show-posts-entry-summary\" itemprop=\"text\">\n\t\t\t\t\t\t\t<p>Lugar de salida: Eibar (Gipuzkoa) Salida de monta\u00f1a desde Eibar hacia la costa, desde ahi ascenderemos desde los 0m hasta los 1026m del conocido Monte Oiz, una ruta mtb espectacular&#8230;<\/p>\n\t\t\t\t\t\t<\/div><!-- .entry-summary -->\n\t\t\t\t\t<div class=\"wpsp-read-more\"><a title=\"Eibar &#8211; Ondarroa &#8211; Oiz\" class=\"wp-show-posts-read-more\" href=\"https:\/\/tabanobike.com\/eu\/rutas\/eibar-ondarroa-oiz\/\">Sartu<\/a><\/div><\/div><!-- wp-show-posts-inner --><\/article><article class=\"wp-show-posts-single post-1228 page type-page status-publish has-post-thumbnail hentry category-carretera category-pirineos wpsp-col-4\" itemtype=\"http:\/\/schema.org\/CreativeWork\" itemscope><div class=\"wp-show-posts-inner\" style=\"\">\t\t<div class=\"wp-show-posts-image  wpsp-image-center\">\n\t\t\t<a href=\"https:\/\/tabanobike.com\/eu\/rutas\/soulor-aubisque-spandelles\/\"  title=\"Soulor &#8211; Aubisque &#8211; Spandelles\"><img loading=\"lazy\" decoding=\"async\" width=\"2560\" height=\"1920\" src=\"https:\/\/tabanobike.com\/wp-content\/uploads\/2022\/10\/IMG_20220717_095235-scaled.jpg\" class=\"attachment-full size-full wp-post-image\" alt=\"\" itemprop=\"image\" srcset=\"https:\/\/tabanobike.com\/wp-content\/uploads\/2022\/10\/IMG_20220717_095235-scaled.jpg 2560w, https:\/\/tabanobike.com\/wp-content\/uploads\/2022\/10\/IMG_20220717_095235-300x225.jpg 300w, https:\/\/tabanobike.com\/wp-content\/uploads\/2022\/10\/IMG_20220717_095235-1024x768.jpg 1024w, https:\/\/tabanobike.com\/wp-content\/uploads\/2022\/10\/IMG_20220717_095235-768x576.jpg 768w, https:\/\/tabanobike.com\/wp-content\/uploads\/2022\/10\/IMG_20220717_095235-1536x1152.jpg 1536w, https:\/\/tabanobike.com\/wp-content\/uploads\/2022\/10\/IMG_20220717_095235-2048x1536.jpg 2048w, https:\/\/tabanobike.com\/wp-content\/uploads\/2022\/10\/IMG_20220717_095235-16x12.jpg 16w\" sizes=\"auto, (max-width: 2560px) 100vw, 2560px\" \/><\/a>\t\t<\/div>\n\t\t\t\t\t\t\t\t<header class=\"wp-show-posts-entry-header\">\n\t\t\t\t\t\t\t<h4 class=\"wp-show-posts-entry-title\" itemprop=\"headline\"><a href=\"https:\/\/tabanobike.com\/eu\/rutas\/soulor-aubisque-spandelles\/\" rel=\"bookmark\">Soulor &#8211; Aubisque &#8211; Spandelles<\/a><\/h4><div class=\"wp-show-posts-entry-meta wp-show-posts-entry-meta-below-title post-meta-inline\"><span class=\"wp-show-posts-posted-on wp-show-posts-meta\">\n\t\t\t\t\t<a href=\"https:\/\/tabanobike.com\/eu\/rutas\/soulor-aubisque-spandelles\/\" title=\"\" rel=\"bookmark\"><time class=\"wp-show-posts-entry-date published\" datetime=\"2022-10-13T10:49:20+02:00\" itemprop=\"datePublished\"><\/time><time class=\"wp-show-posts-updated\" datetime=\"2022-10-13T10:49:21+02:00\" itemprop=\"dateModified\"><\/time><\/a>\n\t\t\t\t<\/span><\/div>\t\t\t\t\t\t<\/header><!-- .entry-header -->\n\t\t\t\t\t\t\t\t\t\t\t<div class=\"wp-show-posts-entry-summary\" itemprop=\"text\">\n\t\t\t\t\t\t\t<p>Lugar de salida: Luz Saint Sauveur (Pirineos) (Francia) Salida de carretera saliendo desde Luz, bajamos hacia lourdes para empezar a subir Soulor un puerto de unos 7km con una pendiente&#8230;<\/p>\n\t\t\t\t\t\t<\/div><!-- .entry-summary -->\n\t\t\t\t\t<div class=\"wpsp-read-more\"><a title=\"Soulor &#8211; Aubisque &#8211; Spandelles\" class=\"wp-show-posts-read-more\" href=\"https:\/\/tabanobike.com\/eu\/rutas\/soulor-aubisque-spandelles\/\">Sartu<\/a><\/div><\/div><!-- wp-show-posts-inner --><\/article><article class=\"wp-show-posts-single post-1197 page type-page status-publish has-post-thumbnail hentry category-carretera category-rutas category-sierra-de-francia wpsp-col-4\" itemtype=\"http:\/\/schema.org\/CreativeWork\" itemscope><div class=\"wp-show-posts-inner\" style=\"\">\t\t<div class=\"wp-show-posts-image  wpsp-image-center\">\n\t\t\t<a href=\"https:\/\/tabanobike.com\/eu\/rutas\/valero-puerto-de-la-calderilla-pena-de-francia\/\"  title=\"Valero &#8211; Puerto de la Calderilla &#8211; Pe\u00f1a de Francia\"><img loading=\"lazy\" decoding=\"async\" width=\"2000\" height=\"1496\" src=\"https:\/\/tabanobike.com\/wp-content\/uploads\/2022\/09\/IMG-20220813-WA0015.jpg\" class=\"attachment-full size-full wp-post-image\" alt=\"\" itemprop=\"image\" srcset=\"https:\/\/tabanobike.com\/wp-content\/uploads\/2022\/09\/IMG-20220813-WA0015.jpg 2000w, https:\/\/tabanobike.com\/wp-content\/uploads\/2022\/09\/IMG-20220813-WA0015-300x224.jpg 300w, https:\/\/tabanobike.com\/wp-content\/uploads\/2022\/09\/IMG-20220813-WA0015-1024x766.jpg 1024w, https:\/\/tabanobike.com\/wp-content\/uploads\/2022\/09\/IMG-20220813-WA0015-768x574.jpg 768w, https:\/\/tabanobike.com\/wp-content\/uploads\/2022\/09\/IMG-20220813-WA0015-1536x1149.jpg 1536w, https:\/\/tabanobike.com\/wp-content\/uploads\/2022\/09\/IMG-20220813-WA0015-16x12.jpg 16w\" sizes=\"auto, (max-width: 2000px) 100vw, 2000px\" \/><\/a>\t\t<\/div>\n\t\t\t\t\t\t\t\t<header class=\"wp-show-posts-entry-header\">\n\t\t\t\t\t\t\t<h4 class=\"wp-show-posts-entry-title\" itemprop=\"headline\"><a href=\"https:\/\/tabanobike.com\/eu\/rutas\/valero-puerto-de-la-calderilla-pena-de-francia\/\" rel=\"bookmark\">Valero &#8211; Puerto de la Calderilla &#8211; Pe\u00f1a de Francia<\/a><\/h4><div class=\"wp-show-posts-entry-meta wp-show-posts-entry-meta-below-title post-meta-inline\"><span class=\"wp-show-posts-posted-on wp-show-posts-meta\">\n\t\t\t\t\t<a href=\"https:\/\/tabanobike.com\/eu\/rutas\/valero-puerto-de-la-calderilla-pena-de-francia\/\" title=\"\" rel=\"bookmark\"><time class=\"wp-show-posts-entry-date published\" datetime=\"2022-09-15T17:54:07+02:00\" itemprop=\"datePublished\"><\/time><time class=\"wp-show-posts-updated\" datetime=\"2022-09-17T19:10:55+02:00\" itemprop=\"dateModified\"><\/time><\/a>\n\t\t\t\t<\/span><\/div>\t\t\t\t\t\t<\/header><!-- .entry-header -->\n\t\t\t\t\t\t\t\t\t\t\t<div class=\"wp-show-posts-entry-summary\" itemprop=\"text\">\n\t\t\t\t\t\t\t<p>Lugar de salida: La Alberca (Salamanca) Salida de carretera desde La Alberca &#8211; San Martin del Casta\u00f1ar &#8211; Valero &#8211; Puerto de la Calderilla &#8211; Pe\u00f1a de Francia Kilometros totales:&#8230;<\/p>\n\t\t\t\t\t\t<\/div><!-- .entry-summary -->\n\t\t\t\t\t<div class=\"wpsp-read-more\"><a title=\"Valero &#8211; Puerto de la Calderilla &#8211; Pe\u00f1a de Francia\" class=\"wp-show-posts-read-more\" href=\"https:\/\/tabanobike.com\/eu\/rutas\/valero-puerto-de-la-calderilla-pena-de-francia\/\">Sartu<\/a><\/div><\/div><!-- wp-show-posts-inner --><\/article><article class=\"wp-show-posts-single post-1184 page type-page status-publish has-post-thumbnail hentry category-mtb category-rutas category-sierra-de-francia wpsp-col-4\" itemtype=\"http:\/\/schema.org\/CreativeWork\" itemscope><div class=\"wp-show-posts-inner\" style=\"\">\t\t<div class=\"wp-show-posts-image  wpsp-image-center\">\n\t\t\t<a href=\"https:\/\/tabanobike.com\/eu\/rutas\/la-alberca-herguijuela-miranda-casas-del-conde\/\"  title=\"La Alberca &#8211; Herguijuela &#8211; Miranda &#8211; Casas del Conde\"><img loading=\"lazy\" decoding=\"async\" width=\"2560\" height=\"1920\" src=\"https:\/\/tabanobike.com\/wp-content\/uploads\/2022\/09\/IMG_20220414_101124-scaled.jpg\" class=\"attachment-full size-full wp-post-image\" alt=\"\" itemprop=\"image\" srcset=\"https:\/\/tabanobike.com\/wp-content\/uploads\/2022\/09\/IMG_20220414_101124-scaled.jpg 2560w, https:\/\/tabanobike.com\/wp-content\/uploads\/2022\/09\/IMG_20220414_101124-300x225.jpg 300w, https:\/\/tabanobike.com\/wp-content\/uploads\/2022\/09\/IMG_20220414_101124-1024x768.jpg 1024w, https:\/\/tabanobike.com\/wp-content\/uploads\/2022\/09\/IMG_20220414_101124-768x576.jpg 768w, https:\/\/tabanobike.com\/wp-content\/uploads\/2022\/09\/IMG_20220414_101124-1536x1152.jpg 1536w, https:\/\/tabanobike.com\/wp-content\/uploads\/2022\/09\/IMG_20220414_101124-2048x1536.jpg 2048w, https:\/\/tabanobike.com\/wp-content\/uploads\/2022\/09\/IMG_20220414_101124-16x12.jpg 16w\" sizes=\"auto, (max-width: 2560px) 100vw, 2560px\" \/><\/a>\t\t<\/div>\n\t\t\t\t\t\t\t\t<header class=\"wp-show-posts-entry-header\">\n\t\t\t\t\t\t\t<h4 class=\"wp-show-posts-entry-title\" itemprop=\"headline\"><a href=\"https:\/\/tabanobike.com\/eu\/rutas\/la-alberca-herguijuela-miranda-casas-del-conde\/\" rel=\"bookmark\">La Alberca &#8211; Herguijuela &#8211; Miranda &#8211; Casas del Conde<\/a><\/h4><div class=\"wp-show-posts-entry-meta wp-show-posts-entry-meta-below-title post-meta-inline\"><span class=\"wp-show-posts-posted-on wp-show-posts-meta\">\n\t\t\t\t\t<a href=\"https:\/\/tabanobike.com\/eu\/rutas\/la-alberca-herguijuela-miranda-casas-del-conde\/\" title=\"\" rel=\"bookmark\"><time class=\"wp-show-posts-entry-date published\" datetime=\"2022-09-15T17:38:30+02:00\" itemprop=\"datePublished\"><\/time><time class=\"wp-show-posts-updated\" datetime=\"2022-09-17T19:12:56+02:00\" itemprop=\"dateModified\"><\/time><\/a>\n\t\t\t\t<\/span><\/div>\t\t\t\t\t\t<\/header><!-- .entry-header -->\n\t\t\t\t\t\t\t\t\t\t\t<div class=\"wp-show-posts-entry-summary\" itemprop=\"text\">\n\t\t\t\t\t\t\t<p>Lugar de salida: La Alberca (Salamanca) La Alberca &#8211; Herguijuela &#8211; Miranda &#8211; Casas del Conde Kilometros totales: 79km Metros ascendidos: 2074m<\/p>\n\t\t\t\t\t\t<\/div><!-- .entry-summary -->\n\t\t\t\t\t<div class=\"wpsp-read-more\"><a title=\"La Alberca &#8211; Herguijuela &#8211; Miranda &#8211; Casas del Conde\" class=\"wp-show-posts-read-more\" href=\"https:\/\/tabanobike.com\/eu\/rutas\/la-alberca-herguijuela-miranda-casas-del-conde\/\">Sartu<\/a><\/div><\/div><!-- wp-show-posts-inner --><\/article><article class=\"wp-show-posts-single post-1167 page type-page status-publish has-post-thumbnail hentry category-carretera category-pirineos wpsp-col-4\" itemtype=\"http:\/\/schema.org\/CreativeWork\" itemscope><div class=\"wp-show-posts-inner\" style=\"\">\t\t<div class=\"wp-show-posts-image  wpsp-image-center\">\n\t\t\t<a href=\"https:\/\/tabanobike.com\/eu\/rutas\/col-de-tentes-circo-de-troumouse-tourmalet\/\"  title=\"Col de Tentes &#8211; Circo de Troumouse &#8211; Tourmalet\"><img loading=\"lazy\" decoding=\"async\" width=\"1024\" height=\"768\" src=\"https:\/\/tabanobike.com\/wp-content\/uploads\/2022\/09\/IMG-20220716-WA0058.jpg\" class=\"attachment-full size-full wp-post-image\" alt=\"\" itemprop=\"image\" srcset=\"https:\/\/tabanobike.com\/wp-content\/uploads\/2022\/09\/IMG-20220716-WA0058.jpg 1024w, https:\/\/tabanobike.com\/wp-content\/uploads\/2022\/09\/IMG-20220716-WA0058-300x225.jpg 300w, https:\/\/tabanobike.com\/wp-content\/uploads\/2022\/09\/IMG-20220716-WA0058-768x576.jpg 768w, https:\/\/tabanobike.com\/wp-content\/uploads\/2022\/09\/IMG-20220716-WA0058-16x12.jpg 16w\" sizes=\"auto, (max-width: 1024px) 100vw, 1024px\" \/><\/a>\t\t<\/div>\n\t\t\t\t\t\t\t\t<header class=\"wp-show-posts-entry-header\">\n\t\t\t\t\t\t\t<h4 class=\"wp-show-posts-entry-title\" itemprop=\"headline\"><a href=\"https:\/\/tabanobike.com\/eu\/rutas\/col-de-tentes-circo-de-troumouse-tourmalet\/\" rel=\"bookmark\">Col de Tentes &#8211; Circo de Troumouse &#8211; Tourmalet<\/a><\/h4><div class=\"wp-show-posts-entry-meta wp-show-posts-entry-meta-below-title post-meta-inline\"><span class=\"wp-show-posts-posted-on wp-show-posts-meta\">\n\t\t\t\t\t<a href=\"https:\/\/tabanobike.com\/eu\/rutas\/col-de-tentes-circo-de-troumouse-tourmalet\/\" title=\"\" rel=\"bookmark\"><time class=\"wp-show-posts-entry-date published\" datetime=\"2022-09-15T17:05:39+02:00\" itemprop=\"datePublished\"><\/time><time class=\"wp-show-posts-updated\" datetime=\"2022-09-15T17:06:09+02:00\" itemprop=\"dateModified\"><\/time><\/a>\n\t\t\t\t<\/span><\/div>\t\t\t\t\t\t<\/header><!-- .entry-header -->\n\t\t\t\t\t\t\t\t\t\t\t<div class=\"wp-show-posts-entry-summary\" itemprop=\"text\">\n\t\t\t\t\t\t\t<p>Lugar de salida: Luz Saint Sauveur (Pirineos) (Francia) Salida de carretera saliendo desde Luz, comenzamos subiendo hacia el Circo de Gavarine para subir al Col de Tentes, de ahi bajamos&#8230;<\/p>\n\t\t\t\t\t\t<\/div><!-- .entry-summary -->\n\t\t\t\t\t<div class=\"wpsp-read-more\"><a title=\"Col de Tentes &#8211; Circo de Troumouse &#8211; Tourmalet\" class=\"wp-show-posts-read-more\" href=\"https:\/\/tabanobike.com\/eu\/rutas\/col-de-tentes-circo-de-troumouse-tourmalet\/\">Sartu<\/a><\/div><\/div><!-- wp-show-posts-inner --><\/article><article class=\"wp-show-posts-single post-1163 page type-page status-publish has-post-thumbnail hentry category-carretera category-pirineos wpsp-col-4\" itemtype=\"http:\/\/schema.org\/CreativeWork\" itemscope><div class=\"wp-show-posts-inner\" style=\"\">\t\t<div class=\"wp-show-posts-image  wpsp-image-center\">\n\t\t\t<a href=\"https:\/\/tabanobike.com\/eu\/rutas\/tourmalet-luz-ardiden\/\"  title=\"Tourmalet &#8211; Luz Ardiden\"><img loading=\"lazy\" decoding=\"async\" width=\"2560\" height=\"1920\" src=\"https:\/\/tabanobike.com\/wp-content\/uploads\/2022\/07\/IMG_20220528_114459-scaled.jpg\" class=\"attachment-full size-full wp-post-image\" alt=\"\" itemprop=\"image\" srcset=\"https:\/\/tabanobike.com\/wp-content\/uploads\/2022\/07\/IMG_20220528_114459-scaled.jpg 2560w, https:\/\/tabanobike.com\/wp-content\/uploads\/2022\/07\/IMG_20220528_114459-300x225.jpg 300w, https:\/\/tabanobike.com\/wp-content\/uploads\/2022\/07\/IMG_20220528_114459-1024x768.jpg 1024w, https:\/\/tabanobike.com\/wp-content\/uploads\/2022\/07\/IMG_20220528_114459-768x576.jpg 768w, https:\/\/tabanobike.com\/wp-content\/uploads\/2022\/07\/IMG_20220528_114459-1536x1152.jpg 1536w, https:\/\/tabanobike.com\/wp-content\/uploads\/2022\/07\/IMG_20220528_114459-2048x1536.jpg 2048w, https:\/\/tabanobike.com\/wp-content\/uploads\/2022\/07\/IMG_20220528_114459-16x12.jpg 16w\" sizes=\"auto, (max-width: 2560px) 100vw, 2560px\" \/><\/a>\t\t<\/div>\n\t\t\t\t\t\t\t\t<header class=\"wp-show-posts-entry-header\">\n\t\t\t\t\t\t\t<h4 class=\"wp-show-posts-entry-title\" itemprop=\"headline\"><a href=\"https:\/\/tabanobike.com\/eu\/rutas\/tourmalet-luz-ardiden\/\" rel=\"bookmark\">Tourmalet &#8211; Luz Ardiden<\/a><\/h4><div class=\"wp-show-posts-entry-meta wp-show-posts-entry-meta-below-title post-meta-inline\"><span class=\"wp-show-posts-posted-on wp-show-posts-meta\">\n\t\t\t\t\t<a href=\"https:\/\/tabanobike.com\/eu\/rutas\/tourmalet-luz-ardiden\/\" title=\"\" rel=\"bookmark\"><time class=\"wp-show-posts-entry-date published\" datetime=\"2022-07-23T16:38:34+02:00\" itemprop=\"datePublished\"><\/time><time class=\"wp-show-posts-updated\" datetime=\"2022-09-15T16:47:30+02:00\" itemprop=\"dateModified\"><\/time><\/a>\n\t\t\t\t<\/span><\/div>\t\t\t\t\t\t<\/header><!-- .entry-header -->\n\t\t\t\t\t\t\t\t\t\t\t<div class=\"wp-show-posts-entry-summary\" itemprop=\"text\">\n\t\t\t\t\t\t\t<p>Errepideko irteera, Luz-etik oso gertu dagoen Saligoseko aparkalekutik irtenda, hortik Tourmalet (18,7km, % 7,2)  ospetsua igotzen hasten gara, igoera gogorraren ondoren...<\/p>\n\t\t\t\t\t\t<\/div><!-- .entry-summary -->\n\t\t\t\t\t<div class=\"wpsp-read-more\"><a title=\"Tourmalet &#8211; Luz Ardiden\" class=\"wp-show-posts-read-more\" href=\"https:\/\/tabanobike.com\/eu\/rutas\/tourmalet-luz-ardiden\/\">Sartu<\/a><\/div><\/div><!-- wp-show-posts-inner --><\/article><article class=\"wp-show-posts-single post-1131 page type-page status-publish has-post-thumbnail hentry category-carretera category-euskadi category-navarra category-rutas wpsp-col-4\" itemtype=\"http:\/\/schema.org\/CreativeWork\" itemscope><div class=\"wp-show-posts-inner\" style=\"\">\t\t<div class=\"wp-show-posts-image  wpsp-image-center\">\n\t\t\t<a href=\"https:\/\/tabanobike.com\/eu\/rutas\/orduna\/\"  title=\"Ordu\u00f1a\"><img loading=\"lazy\" decoding=\"async\" width=\"2560\" height=\"1920\" src=\"https:\/\/tabanobike.com\/wp-content\/uploads\/2022\/05\/IMG_20220521_121944-scaled.jpg\" class=\"attachment-full size-full wp-post-image\" alt=\"\" itemprop=\"image\" srcset=\"https:\/\/tabanobike.com\/wp-content\/uploads\/2022\/05\/IMG_20220521_121944-scaled.jpg 2560w, https:\/\/tabanobike.com\/wp-content\/uploads\/2022\/05\/IMG_20220521_121944-300x225.jpg 300w, https:\/\/tabanobike.com\/wp-content\/uploads\/2022\/05\/IMG_20220521_121944-1024x768.jpg 1024w, https:\/\/tabanobike.com\/wp-content\/uploads\/2022\/05\/IMG_20220521_121944-768x576.jpg 768w, https:\/\/tabanobike.com\/wp-content\/uploads\/2022\/05\/IMG_20220521_121944-1536x1152.jpg 1536w, https:\/\/tabanobike.com\/wp-content\/uploads\/2022\/05\/IMG_20220521_121944-2048x1536.jpg 2048w, https:\/\/tabanobike.com\/wp-content\/uploads\/2022\/05\/IMG_20220521_121944-16x12.jpg 16w\" sizes=\"auto, (max-width: 2560px) 100vw, 2560px\" \/><\/a>\t\t<\/div>\n\t\t\t\t\t\t\t\t<header class=\"wp-show-posts-entry-header\">\n\t\t\t\t\t\t\t<h4 class=\"wp-show-posts-entry-title\" itemprop=\"headline\"><a href=\"https:\/\/tabanobike.com\/eu\/rutas\/orduna\/\" rel=\"bookmark\">Ordu\u00f1a<\/a><\/h4><div class=\"wp-show-posts-entry-meta wp-show-posts-entry-meta-below-title post-meta-inline\"><span class=\"wp-show-posts-posted-on wp-show-posts-meta\">\n\t\t\t\t\t<a href=\"https:\/\/tabanobike.com\/eu\/rutas\/orduna\/\" title=\"\" rel=\"bookmark\"><time class=\"wp-show-posts-entry-date published\" datetime=\"2022-05-26T16:55:25+02:00\" itemprop=\"datePublished\"><\/time><time class=\"wp-show-posts-updated\" datetime=\"2022-05-26T17:04:07+02:00\" itemprop=\"dateModified\"><\/time><\/a>\n\t\t\t\t<\/span><\/div>\t\t\t\t\t\t<\/header><!-- .entry-header -->\n\t\t\t\t\t\t\t\t\t\t\t<div class=\"wp-show-posts-entry-summary\" itemprop=\"text\">\n\t\t\t\t\t\t\t<p>Errepideko irteera, Gamarratik Murgiarantz, Barrerillako mendatea jaitsi eta Urdu\u00f1ako mendatea igoko dugu hasi, Nanclares de Okatik Gasteizera itzultzeko<\/p>\n\t\t\t\t\t\t<\/div><!-- .entry-summary -->\n\t\t\t\t\t<div class=\"wpsp-read-more\"><a title=\"Ordu\u00f1a\" class=\"wp-show-posts-read-more\" href=\"https:\/\/tabanobike.com\/eu\/rutas\/orduna\/\">Sartu<\/a><\/div><\/div><!-- wp-show-posts-inner --><\/article><article class=\"wp-show-posts-single post-1128 page type-page status-publish has-post-thumbnail hentry category-mtb category-rutas category-sierra-de-francia wpsp-col-4\" itemtype=\"http:\/\/schema.org\/CreativeWork\" itemscope><div class=\"wp-show-posts-inner\" style=\"\">\t\t<div class=\"wp-show-posts-image  wpsp-image-center\">\n\t\t\t<a href=\"https:\/\/tabanobike.com\/eu\/rutas\/puertitos-aldeanueva-el-codorro\/\"  title=\"Puertitos &#8211; Aldeanueva &#8211; El Codorro\"><img loading=\"lazy\" decoding=\"async\" width=\"2560\" height=\"1915\" src=\"https:\/\/tabanobike.com\/wp-content\/uploads\/2022\/04\/IMG_20210516_121658-scaled.jpg\" class=\"attachment-full size-full wp-post-image\" alt=\"\" itemprop=\"image\" srcset=\"https:\/\/tabanobike.com\/wp-content\/uploads\/2022\/04\/IMG_20210516_121658-scaled.jpg 2560w, https:\/\/tabanobike.com\/wp-content\/uploads\/2022\/04\/IMG_20210516_121658-300x224.jpg 300w, https:\/\/tabanobike.com\/wp-content\/uploads\/2022\/04\/IMG_20210516_121658-1024x766.jpg 1024w, https:\/\/tabanobike.com\/wp-content\/uploads\/2022\/04\/IMG_20210516_121658-768x574.jpg 768w, https:\/\/tabanobike.com\/wp-content\/uploads\/2022\/04\/IMG_20210516_121658-1536x1149.jpg 1536w, https:\/\/tabanobike.com\/wp-content\/uploads\/2022\/04\/IMG_20210516_121658-2048x1532.jpg 2048w, https:\/\/tabanobike.com\/wp-content\/uploads\/2022\/04\/IMG_20210516_121658-16x12.jpg 16w\" sizes=\"auto, (max-width: 2560px) 100vw, 2560px\" \/><\/a>\t\t<\/div>\n\t\t\t\t\t\t\t\t<header class=\"wp-show-posts-entry-header\">\n\t\t\t\t\t\t\t<h4 class=\"wp-show-posts-entry-title\" itemprop=\"headline\"><a href=\"https:\/\/tabanobike.com\/eu\/rutas\/puertitos-aldeanueva-el-codorro\/\" rel=\"bookmark\">Puertitos &#8211; Aldeanueva &#8211; El Codorro<\/a><\/h4><div class=\"wp-show-posts-entry-meta wp-show-posts-entry-meta-below-title post-meta-inline\"><span class=\"wp-show-posts-posted-on wp-show-posts-meta\">\n\t\t\t\t\t<a href=\"https:\/\/tabanobike.com\/eu\/rutas\/puertitos-aldeanueva-el-codorro\/\" title=\"\" rel=\"bookmark\"><time class=\"wp-show-posts-entry-date published\" datetime=\"2022-04-02T19:35:09+02:00\" itemprop=\"datePublished\"><\/time><time class=\"wp-show-posts-updated\" datetime=\"2022-04-03T17:28:01+02:00\" itemprop=\"dateModified\"><\/time><\/a>\n\t\t\t\t<\/span><\/div>\t\t\t\t\t\t<\/header><!-- .entry-header -->\n\t\t\t\t\t\t\t\t\t\t\t<div class=\"wp-show-posts-entry-summary\" itemprop=\"text\">\n\t\t\t\t\t\t\t<p>MTB irteera Frantziako mendilerrotik, Aterpetik Aldeanueva de la Sierrara joango gara, Puertitos eta El Cabacotik igarota, Mora haitzuloko arrapalaren hasieraraino...<\/p>\n\t\t\t\t\t\t<\/div><!-- .entry-summary -->\n\t\t\t\t\t<div class=\"wpsp-read-more\"><a title=\"Puertitos &#8211; Aldeanueva &#8211; El Codorro\" class=\"wp-show-posts-read-more\" href=\"https:\/\/tabanobike.com\/eu\/rutas\/puertitos-aldeanueva-el-codorro\/\">Sartu<\/a><\/div><\/div><!-- wp-show-posts-inner --><\/article><article class=\"wp-show-posts-single post-1101 page type-page status-publish has-post-thumbnail hentry category-mtb category-rutas category-sierra-de-francia wpsp-col-4\" itemtype=\"http:\/\/schema.org\/CreativeWork\" itemscope><div class=\"wp-show-posts-inner\" style=\"\">\t\t<div class=\"wp-show-posts-image  wpsp-image-center\">\n\t\t\t<a href=\"https:\/\/tabanobike.com\/eu\/rutas\/puertitos-ruta-de-los-espejos\/\"  title=\"Puertitos &#8211; Ruta de los Espejos &#8211; Laguna de San Marcos\"><img loading=\"lazy\" decoding=\"async\" width=\"2560\" height=\"1920\" src=\"https:\/\/tabanobike.com\/wp-content\/uploads\/2022\/04\/IMG_20210625_110955-scaled.jpg\" class=\"attachment-full size-full wp-post-image\" alt=\"\" itemprop=\"image\" srcset=\"https:\/\/tabanobike.com\/wp-content\/uploads\/2022\/04\/IMG_20210625_110955-scaled.jpg 2560w, https:\/\/tabanobike.com\/wp-content\/uploads\/2022\/04\/IMG_20210625_110955-300x225.jpg 300w, https:\/\/tabanobike.com\/wp-content\/uploads\/2022\/04\/IMG_20210625_110955-1024x768.jpg 1024w, https:\/\/tabanobike.com\/wp-content\/uploads\/2022\/04\/IMG_20210625_110955-768x576.jpg 768w, https:\/\/tabanobike.com\/wp-content\/uploads\/2022\/04\/IMG_20210625_110955-1536x1152.jpg 1536w, https:\/\/tabanobike.com\/wp-content\/uploads\/2022\/04\/IMG_20210625_110955-2048x1536.jpg 2048w, https:\/\/tabanobike.com\/wp-content\/uploads\/2022\/04\/IMG_20210625_110955-16x12.jpg 16w\" sizes=\"auto, (max-width: 2560px) 100vw, 2560px\" \/><\/a>\t\t<\/div>\n\t\t\t\t\t\t\t\t<header class=\"wp-show-posts-entry-header\">\n\t\t\t\t\t\t\t<h4 class=\"wp-show-posts-entry-title\" itemprop=\"headline\"><a href=\"https:\/\/tabanobike.com\/eu\/rutas\/puertitos-ruta-de-los-espejos\/\" rel=\"bookmark\">Puertitos &#8211; Ruta de los Espejos &#8211; Laguna de San Marcos<\/a><\/h4><div class=\"wp-show-posts-entry-meta wp-show-posts-entry-meta-below-title post-meta-inline\"><span class=\"wp-show-posts-posted-on wp-show-posts-meta\">\n\t\t\t\t\t<a href=\"https:\/\/tabanobike.com\/eu\/rutas\/puertitos-ruta-de-los-espejos\/\" title=\"\" rel=\"bookmark\"><time class=\"wp-show-posts-entry-date published\" datetime=\"2022-04-02T12:03:32+02:00\" itemprop=\"datePublished\"><\/time><time class=\"wp-show-posts-updated\" datetime=\"2022-04-02T12:03:56+02:00\" itemprop=\"dateModified\"><\/time><\/a>\n\t\t\t\t<\/span><\/div>\t\t\t\t\t\t<\/header><!-- .entry-header -->\n\t\t\t\t\t\t\t\t\t\t\t<div class=\"wp-show-posts-entry-summary\" itemprop=\"text\">\n\t\t\t\t\t\t\t<p>MTB Irteera La Alberkatik, bertatik Puertitoetara igoko gara San Martin del Casta\u00f1arrera jeisteko eta handik La Ruta de Los Espejos ibilbidearen zati bat egingo dugu...<\/p>\n\t\t\t\t\t\t<\/div><!-- .entry-summary -->\n\t\t\t\t\t<div class=\"wpsp-read-more\"><a title=\"Puertitos &#8211; Ruta de los Espejos &#8211; Laguna de San Marcos\" class=\"wp-show-posts-read-more\" href=\"https:\/\/tabanobike.com\/eu\/rutas\/puertitos-ruta-de-los-espejos\/\">Sartu<\/a><\/div><\/div><!-- wp-show-posts-inner --><\/article><article class=\"wp-show-posts-single post-1085 page type-page status-publish has-post-thumbnail hentry category-mtb category-euskadi category-rutas wpsp-col-4\" itemtype=\"http:\/\/schema.org\/CreativeWork\" itemscope><div class=\"wp-show-posts-inner\" style=\"\">\t\t<div class=\"wp-show-posts-image  wpsp-image-center\">\n\t\t\t<a href=\"https:\/\/tabanobike.com\/eu\/rutas\/san-salvador-irukurutzeta-urnobitza-arnoate-kalamua\/\"  title=\"San Salvador &#8211; Irukurutzeta &#8211; Urnobitza &#8211; Arnoate &#8211; Kalamua\"><img loading=\"lazy\" decoding=\"async\" width=\"1280\" height=\"957\" src=\"https:\/\/tabanobike.com\/wp-content\/uploads\/2022\/03\/photo_2022-03-26_17-47-34.jpg\" class=\"attachment-full size-full wp-post-image\" alt=\"\" itemprop=\"image\" srcset=\"https:\/\/tabanobike.com\/wp-content\/uploads\/2022\/03\/photo_2022-03-26_17-47-34.jpg 1280w, https:\/\/tabanobike.com\/wp-content\/uploads\/2022\/03\/photo_2022-03-26_17-47-34-300x224.jpg 300w, https:\/\/tabanobike.com\/wp-content\/uploads\/2022\/03\/photo_2022-03-26_17-47-34-1024x766.jpg 1024w, https:\/\/tabanobike.com\/wp-content\/uploads\/2022\/03\/photo_2022-03-26_17-47-34-768x574.jpg 768w, https:\/\/tabanobike.com\/wp-content\/uploads\/2022\/03\/photo_2022-03-26_17-47-34-16x12.jpg 16w\" sizes=\"auto, (max-width: 1280px) 100vw, 1280px\" \/><\/a>\t\t<\/div>\n\t\t\t\t\t\t\t\t<header class=\"wp-show-posts-entry-header\">\n\t\t\t\t\t\t\t<h4 class=\"wp-show-posts-entry-title\" itemprop=\"headline\"><a href=\"https:\/\/tabanobike.com\/eu\/rutas\/san-salvador-irukurutzeta-urnobitza-arnoate-kalamua\/\" rel=\"bookmark\">San Salvador &#8211; Irukurutzeta &#8211; Urnobitza &#8211; Arnoate &#8211; Kalamua<\/a><\/h4><div class=\"wp-show-posts-entry-meta wp-show-posts-entry-meta-below-title post-meta-inline\"><span class=\"wp-show-posts-posted-on wp-show-posts-meta\">\n\t\t\t\t\t<a href=\"https:\/\/tabanobike.com\/eu\/rutas\/san-salvador-irukurutzeta-urnobitza-arnoate-kalamua\/\" title=\"\" rel=\"bookmark\"><time class=\"wp-show-posts-entry-date published\" datetime=\"2022-03-26T18:11:28+01:00\" itemprop=\"datePublished\"><\/time><time class=\"wp-show-posts-updated\" datetime=\"2022-03-26T18:12:15+01:00\" itemprop=\"dateModified\"><\/time><\/a>\n\t\t\t\t<\/span><\/div>\t\t\t\t\t\t<\/header><!-- .entry-header -->\n\t\t\t\t\t\t\t\t\t\t\t<div class=\"wp-show-posts-entry-summary\" itemprop=\"text\">\n\t\t\t\t\t\t\t<p>MTB irteera Eibartik. San Salbatore ermitara igo, Osintxutik Irukurutzetarantz 6 km inguruko igoera egin, Azkaratera jaitsi, Urnobitza igo eta Mendarora jaitsiko gara...<\/p>\n\t\t\t\t\t\t<\/div><!-- .entry-summary -->\n\t\t\t\t\t<div class=\"wpsp-read-more\"><a title=\"San Salvador &#8211; Irukurutzeta &#8211; Urnobitza &#8211; Arnoate &#8211; Kalamua\" class=\"wp-show-posts-read-more\" href=\"https:\/\/tabanobike.com\/eu\/rutas\/san-salvador-irukurutzeta-urnobitza-arnoate-kalamua\/\">Sartu<\/a><\/div><\/div><!-- wp-show-posts-inner --><\/article><article class=\"wp-show-posts-single post-1002 page type-page status-publish has-post-thumbnail hentry category-carretera category-pirineos category-rutas wpsp-col-4\" itemtype=\"http:\/\/schema.org\/CreativeWork\" itemscope><div class=\"wp-show-posts-inner\" style=\"\">\t\t<div class=\"wp-show-posts-image  wpsp-image-center\">\n\t\t\t<a href=\"https:\/\/tabanobike.com\/eu\/etapas-pirenaicas\/\"  title=\"Etapas Pirenaicas\"><img loading=\"lazy\" decoding=\"async\" width=\"1204\" height=\"903\" src=\"https:\/\/tabanobike.com\/wp-content\/uploads\/2022\/03\/DSC00463.jpg\" class=\"attachment-full size-full wp-post-image\" alt=\"\" itemprop=\"image\" srcset=\"https:\/\/tabanobike.com\/wp-content\/uploads\/2022\/03\/DSC00463.jpg 1204w, https:\/\/tabanobike.com\/wp-content\/uploads\/2022\/03\/DSC00463-300x225.jpg 300w, https:\/\/tabanobike.com\/wp-content\/uploads\/2022\/03\/DSC00463-1024x768.jpg 1024w, https:\/\/tabanobike.com\/wp-content\/uploads\/2022\/03\/DSC00463-768x576.jpg 768w, https:\/\/tabanobike.com\/wp-content\/uploads\/2022\/03\/DSC00463-16x12.jpg 16w\" sizes=\"auto, (max-width: 1204px) 100vw, 1204px\" \/><\/a>\t\t<\/div>\n\t\t\t\t\t\t\t\t<header class=\"wp-show-posts-entry-header\">\n\t\t\t\t\t\t\t<h4 class=\"wp-show-posts-entry-title\" itemprop=\"headline\"><a href=\"https:\/\/tabanobike.com\/eu\/etapas-pirenaicas\/\" rel=\"bookmark\">Etapas Pirenaicas<\/a><\/h4><div class=\"wp-show-posts-entry-meta wp-show-posts-entry-meta-below-title post-meta-inline\"><span class=\"wp-show-posts-posted-on wp-show-posts-meta\">\n\t\t\t\t\t<a href=\"https:\/\/tabanobike.com\/eu\/etapas-pirenaicas\/\" title=\"\" rel=\"bookmark\"><time class=\"wp-show-posts-entry-date published\" datetime=\"2022-03-16T22:06:25+01:00\" itemprop=\"datePublished\"><\/time><time class=\"wp-show-posts-updated\" datetime=\"2022-03-24T19:56:44+01:00\" itemprop=\"dateModified\"><\/time><\/a>\n\t\t\t\t<\/span><\/div>\t\t\t\t\t\t<\/header><!-- .entry-header -->\n\t\t\t\t\t\t\t\t\t\t\t<div class=\"wp-show-posts-entry-summary\" itemprop=\"text\">\n\t\t\t\t\t\t\t<p>Behin baino gehiagotan hitz egin dugu Transpirenaikari buruz, eta proiektua aurrera eramateko datak zehaztea zaila zela ikusita, Titori eta Mari Karmeneri etapa zirkularretan antzeko zerbait egiteko ideia bururatu zitzaien.<\/p>\n\t\t\t\t\t\t<\/div><!-- .entry-summary -->\n\t\t\t\t\t<div class=\"wpsp-read-more\"><a title=\"Etapas Pirenaicas\" class=\"wp-show-posts-read-more\" href=\"https:\/\/tabanobike.com\/eu\/etapas-pirenaicas\/\">Sartu<\/a><\/div><\/div><!-- wp-show-posts-inner --><\/article><article class=\"wp-show-posts-single post-969 page type-page status-publish has-post-thumbnail hentry category-mtb category-euskadi category-rutas wpsp-col-4\" itemtype=\"http:\/\/schema.org\/CreativeWork\" itemscope><div class=\"wp-show-posts-inner\" style=\"\">\t\t<div class=\"wp-show-posts-image  wpsp-image-center\">\n\t\t\t<a href=\"https:\/\/tabanobike.com\/eu\/rutas\/arnoate-urnobitxa-topinburu\/\"  title=\"Arnoate &#8211; Urnobitxa -Topinburu\"><img loading=\"lazy\" decoding=\"async\" width=\"1108\" height=\"831\" src=\"https:\/\/tabanobike.com\/wp-content\/uploads\/2022\/03\/IMG_20170511_105200923-1.jpg\" class=\"attachment-full size-full wp-post-image\" alt=\"\" itemprop=\"image\" srcset=\"https:\/\/tabanobike.com\/wp-content\/uploads\/2022\/03\/IMG_20170511_105200923-1.jpg 1108w, https:\/\/tabanobike.com\/wp-content\/uploads\/2022\/03\/IMG_20170511_105200923-1-300x225.jpg 300w, https:\/\/tabanobike.com\/wp-content\/uploads\/2022\/03\/IMG_20170511_105200923-1-1024x768.jpg 1024w, https:\/\/tabanobike.com\/wp-content\/uploads\/2022\/03\/IMG_20170511_105200923-1-768x576.jpg 768w, https:\/\/tabanobike.com\/wp-content\/uploads\/2022\/03\/IMG_20170511_105200923-1-16x12.jpg 16w\" sizes=\"auto, (max-width: 1108px) 100vw, 1108px\" \/><\/a>\t\t<\/div>\n\t\t\t\t\t\t\t\t<header class=\"wp-show-posts-entry-header\">\n\t\t\t\t\t\t\t<h4 class=\"wp-show-posts-entry-title\" itemprop=\"headline\"><a href=\"https:\/\/tabanobike.com\/eu\/rutas\/arnoate-urnobitxa-topinburu\/\" rel=\"bookmark\">Arnoate &#8211; Urnobitxa -Topinburu<\/a><\/h4><div class=\"wp-show-posts-entry-meta wp-show-posts-entry-meta-below-title post-meta-inline\"><span class=\"wp-show-posts-posted-on wp-show-posts-meta\">\n\t\t\t\t\t<a href=\"https:\/\/tabanobike.com\/eu\/rutas\/arnoate-urnobitxa-topinburu\/\" title=\"\" rel=\"bookmark\"><time class=\"wp-show-posts-entry-date published\" datetime=\"2022-03-03T19:44:31+01:00\" itemprop=\"datePublished\"><\/time><time class=\"wp-show-posts-updated\" datetime=\"2022-03-03T21:46:25+01:00\" itemprop=\"dateModified\"><\/time><\/a>\n\t\t\t\t<\/span><\/div>\t\t\t\t\t\t<\/header><!-- .entry-header -->\n\t\t\t\t\t\t\t\t\t\t\t<div class=\"wp-show-posts-entry-summary\" itemprop=\"text\">\n\t\t\t\t\t\t\t<p>MTB irteera Eibartik. Azitaindik San Pedrora joango gara - San Migel - Arnoate - Mendaro - Urnobitxa - Elgoibar - Ezozia - Topinburu - Eibar...<\/p>\n\t\t\t\t\t\t<\/div><!-- .entry-summary -->\n\t\t\t\t\t<div class=\"wpsp-read-more\"><a title=\"Arnoate &#8211; Urnobitxa -Topinburu\" class=\"wp-show-posts-read-more\" href=\"https:\/\/tabanobike.com\/eu\/rutas\/arnoate-urnobitxa-topinburu\/\">Sartu<\/a><\/div><\/div><!-- wp-show-posts-inner --><\/article><article class=\"wp-show-posts-single post-936 page type-page status-publish has-post-thumbnail hentry category-mtb category-euskadi category-rutas wpsp-col-4\" itemtype=\"http:\/\/schema.org\/CreativeWork\" itemscope><div class=\"wp-show-posts-inner\" style=\"\">\t\t<div class=\"wp-show-posts-image  wpsp-image-center\">\n\t\t\t<a href=\"https:\/\/tabanobike.com\/eu\/rutas\/vuelta-a-eibar\/\"  title=\"Eibarko Itzulia\"><img loading=\"lazy\" decoding=\"async\" width=\"1107\" height=\"830\" src=\"https:\/\/tabanobike.com\/wp-content\/uploads\/2022\/03\/IMG_20210211_113738.jpg\" class=\"attachment-full size-full wp-post-image\" alt=\"\" itemprop=\"image\" srcset=\"https:\/\/tabanobike.com\/wp-content\/uploads\/2022\/03\/IMG_20210211_113738.jpg 1107w, https:\/\/tabanobike.com\/wp-content\/uploads\/2022\/03\/IMG_20210211_113738-300x225.jpg 300w, https:\/\/tabanobike.com\/wp-content\/uploads\/2022\/03\/IMG_20210211_113738-1024x768.jpg 1024w, https:\/\/tabanobike.com\/wp-content\/uploads\/2022\/03\/IMG_20210211_113738-768x576.jpg 768w, https:\/\/tabanobike.com\/wp-content\/uploads\/2022\/03\/IMG_20210211_113738-16x12.jpg 16w\" sizes=\"auto, (max-width: 1107px) 100vw, 1107px\" \/><\/a>\t\t<\/div>\n\t\t\t\t\t\t\t\t<header class=\"wp-show-posts-entry-header\">\n\t\t\t\t\t\t\t<h4 class=\"wp-show-posts-entry-title\" itemprop=\"headline\"><a href=\"https:\/\/tabanobike.com\/eu\/rutas\/vuelta-a-eibar\/\" rel=\"bookmark\">Eibarko Itzulia<\/a><\/h4><div class=\"wp-show-posts-entry-meta wp-show-posts-entry-meta-below-title post-meta-inline\"><span class=\"wp-show-posts-posted-on wp-show-posts-meta\">\n\t\t\t\t\t<a href=\"https:\/\/tabanobike.com\/eu\/rutas\/vuelta-a-eibar\/\" title=\"\" rel=\"bookmark\"><time class=\"wp-show-posts-entry-date published\" datetime=\"2022-03-02T19:08:44+01:00\" itemprop=\"datePublished\"><\/time><time class=\"wp-show-posts-updated\" datetime=\"2022-03-03T19:55:46+01:00\" itemprop=\"dateModified\"><\/time><\/a>\n\t\t\t\t<\/span><\/div>\t\t\t\t\t\t<\/header><!-- .entry-header -->\n\t\t\t\t\t\t\t\t\t\t\t<div class=\"wp-show-posts-entry-summary\" itemprop=\"text\">\n\t\t\t\t\t\t\t<p>MTB irteera Eibartik. Pasabide guneak: Asola Berri - Arrate- kalamua- Ixua- Urkoren ipar aldea - Asuntza - Trabakua - La Plantxas - Goierri - Elgeta - Asurtza - Illordo - Azitain. (Urkoren ipar aldeak bicitxepa pasabideren bat du)<\/p>\n\t\t\t\t\t\t<\/div><!-- .entry-summary -->\n\t\t\t\t\t<div class=\"wpsp-read-more\"><a title=\"Eibarko Itzulia\" class=\"wp-show-posts-read-more\" href=\"https:\/\/tabanobike.com\/eu\/rutas\/vuelta-a-eibar\/\">Sartu<\/a><\/div><\/div><!-- wp-show-posts-inner --><\/article><article class=\"wp-show-posts-single post-264 page type-page status-publish has-post-thumbnail hentry category-mtb category-euskadi category-rutas wpsp-col-4\" itemtype=\"http:\/\/schema.org\/CreativeWork\" itemscope><div class=\"wp-show-posts-inner\" style=\"\">\t\t<div class=\"wp-show-posts-image  wpsp-image-center\">\n\t\t\t<a href=\"https:\/\/tabanobike.com\/eu\/rutas\/otarre-gaintxipixa\/\"  title=\"Otarre &#8211; Gaintxipixa\"><img loading=\"lazy\" decoding=\"async\" width=\"2560\" height=\"1920\" src=\"https:\/\/tabanobike.com\/wp-content\/uploads\/2022\/02\/IMG_20210121_105731-1-scaled.jpg\" class=\"attachment-full size-full wp-post-image\" alt=\"\" itemprop=\"image\" srcset=\"https:\/\/tabanobike.com\/wp-content\/uploads\/2022\/02\/IMG_20210121_105731-1-scaled.jpg 2560w, https:\/\/tabanobike.com\/wp-content\/uploads\/2022\/02\/IMG_20210121_105731-1-300x225.jpg 300w, https:\/\/tabanobike.com\/wp-content\/uploads\/2022\/02\/IMG_20210121_105731-1-1024x768.jpg 1024w, https:\/\/tabanobike.com\/wp-content\/uploads\/2022\/02\/IMG_20210121_105731-1-768x576.jpg 768w, https:\/\/tabanobike.com\/wp-content\/uploads\/2022\/02\/IMG_20210121_105731-1-1536x1152.jpg 1536w, https:\/\/tabanobike.com\/wp-content\/uploads\/2022\/02\/IMG_20210121_105731-1-2048x1536.jpg 2048w, https:\/\/tabanobike.com\/wp-content\/uploads\/2022\/02\/IMG_20210121_105731-1-16x12.jpg 16w\" sizes=\"auto, (max-width: 2560px) 100vw, 2560px\" \/><\/a>\t\t<\/div>\n\t\t\t\t\t\t\t\t<header class=\"wp-show-posts-entry-header\">\n\t\t\t\t\t\t\t<h4 class=\"wp-show-posts-entry-title\" itemprop=\"headline\"><a href=\"https:\/\/tabanobike.com\/eu\/rutas\/otarre-gaintxipixa\/\" rel=\"bookmark\">Otarre &#8211; Gaintxipixa<\/a><\/h4><div class=\"wp-show-posts-entry-meta wp-show-posts-entry-meta-below-title post-meta-inline\"><span class=\"wp-show-posts-posted-on wp-show-posts-meta\">\n\t\t\t\t\t<a href=\"https:\/\/tabanobike.com\/eu\/rutas\/otarre-gaintxipixa\/\" title=\"\" rel=\"bookmark\"><time class=\"wp-show-posts-entry-date published\" datetime=\"2022-02-28T18:19:54+01:00\" itemprop=\"datePublished\"><\/time><time class=\"wp-show-posts-updated\" datetime=\"2022-03-02T21:07:15+01:00\" itemprop=\"dateModified\"><\/time><\/a>\n\t\t\t\t<\/span><\/div>\t\t\t\t\t\t<\/header><!-- .entry-header -->\n\t\t\t\t\t\t\t\t\t\t\t<div class=\"wp-show-posts-entry-summary\" itemprop=\"text\">\n\t\t\t\t\t\t\t<p>MTB irteera. Eibartik Elgoibarrera joango gara bidegorritik. Mintxetatik Albizuriko industrialdetik Azkaratera igoko gara. Errepidetik irtengo gara pistatik Madarixara joateko. Jarraian, porlanezko pista batetik Otarreraino iritsiko gara...<\/p>\n\t\t\t\t\t\t<\/div><!-- .entry-summary -->\n\t\t\t\t\t<div class=\"wpsp-read-more\"><a title=\"Otarre &#8211; Gaintxipixa\" class=\"wp-show-posts-read-more\" href=\"https:\/\/tabanobike.com\/eu\/rutas\/otarre-gaintxipixa\/\">Sartu<\/a><\/div><\/div><!-- wp-show-posts-inner --><\/article><article class=\"wp-show-posts-single post-888 page type-page status-publish has-post-thumbnail hentry category-mtb category-euskadi category-rutas wpsp-col-4\" itemtype=\"http:\/\/schema.org\/CreativeWork\" itemscope><div class=\"wp-show-posts-inner\" style=\"\">\t\t<div class=\"wp-show-posts-image  wpsp-image-center\">\n\t\t\t<a href=\"https:\/\/tabanobike.com\/eu\/rutas\/irimo\/\"  title=\"Irimo\"><img loading=\"lazy\" decoding=\"async\" width=\"1107\" height=\"830\" src=\"https:\/\/tabanobike.com\/wp-content\/uploads\/2022\/02\/IMG_20210330_123342.jpg\" class=\"attachment-full size-full wp-post-image\" alt=\"\" itemprop=\"image\" srcset=\"https:\/\/tabanobike.com\/wp-content\/uploads\/2022\/02\/IMG_20210330_123342.jpg 1107w, https:\/\/tabanobike.com\/wp-content\/uploads\/2022\/02\/IMG_20210330_123342-300x225.jpg 300w, https:\/\/tabanobike.com\/wp-content\/uploads\/2022\/02\/IMG_20210330_123342-1024x768.jpg 1024w, https:\/\/tabanobike.com\/wp-content\/uploads\/2022\/02\/IMG_20210330_123342-768x576.jpg 768w, https:\/\/tabanobike.com\/wp-content\/uploads\/2022\/02\/IMG_20210330_123342-16x12.jpg 16w\" sizes=\"auto, (max-width: 1107px) 100vw, 1107px\" \/><\/a>\t\t<\/div>\n\t\t\t\t\t\t\t\t<header class=\"wp-show-posts-entry-header\">\n\t\t\t\t\t\t\t<h4 class=\"wp-show-posts-entry-title\" itemprop=\"headline\"><a href=\"https:\/\/tabanobike.com\/eu\/rutas\/irimo\/\" rel=\"bookmark\">Irimo<\/a><\/h4><div class=\"wp-show-posts-entry-meta wp-show-posts-entry-meta-below-title post-meta-inline\"><span class=\"wp-show-posts-posted-on wp-show-posts-meta\">\n\t\t\t\t\t<a href=\"https:\/\/tabanobike.com\/eu\/rutas\/irimo\/\" title=\"\" rel=\"bookmark\"><time class=\"wp-show-posts-entry-date published\" datetime=\"2022-02-25T00:41:18+01:00\" itemprop=\"datePublished\"><\/time><time class=\"wp-show-posts-updated\" datetime=\"2022-02-25T08:26:16+01:00\" itemprop=\"dateModified\"><\/time><\/a>\n\t\t\t\t<\/span><\/div>\t\t\t\t\t\t<\/header><!-- .entry-header -->\n\t\t\t\t\t\t\t\t\t\t\t<div class=\"wp-show-posts-entry-summary\" itemprop=\"text\">\n\t\t\t\t\t\t\t<p>MTB irteera Eibartik. Lehenik eta behin Soraluzeraino joango gara Txurruka jatetxetik Atzantxaboletaraino. Lehenik, pagadi batzuk igaroko ditugu eta  gero Anboto eta Udalaitz inguruak ikusten diren pista batetik jarraituko dugu..<\/p>\n\t\t\t\t\t\t<\/div><!-- .entry-summary -->\n\t\t\t\t\t<div class=\"wpsp-read-more\"><a title=\"Irimo\" class=\"wp-show-posts-read-more\" href=\"https:\/\/tabanobike.com\/eu\/rutas\/irimo\/\">Sartu<\/a><\/div><\/div><!-- wp-show-posts-inner --><\/article><article class=\"wp-show-posts-single post-866 page type-page status-publish has-post-thumbnail hentry category-carretera category-euskadi category-rutas wpsp-col-4\" itemtype=\"http:\/\/schema.org\/CreativeWork\" itemscope><div class=\"wp-show-posts-inner\" style=\"\">\t\t<div class=\"wp-show-posts-image  wpsp-image-center\">\n\t\t\t<a href=\"https:\/\/tabanobike.com\/eu\/rutas\/lastur-otarre-elosua\/\"  title=\"Lastur &#8211; Otarre &#8211; Elosua\"><img loading=\"lazy\" decoding=\"async\" width=\"1280\" height=\"960\" src=\"https:\/\/tabanobike.com\/wp-content\/uploads\/2022\/02\/photo_2022-02-24_20-36-09.jpg\" class=\"attachment-full size-full wp-post-image\" alt=\"\" itemprop=\"image\" srcset=\"https:\/\/tabanobike.com\/wp-content\/uploads\/2022\/02\/photo_2022-02-24_20-36-09.jpg 1280w, https:\/\/tabanobike.com\/wp-content\/uploads\/2022\/02\/photo_2022-02-24_20-36-09-300x225.jpg 300w, https:\/\/tabanobike.com\/wp-content\/uploads\/2022\/02\/photo_2022-02-24_20-36-09-1024x768.jpg 1024w, https:\/\/tabanobike.com\/wp-content\/uploads\/2022\/02\/photo_2022-02-24_20-36-09-768x576.jpg 768w, https:\/\/tabanobike.com\/wp-content\/uploads\/2022\/02\/photo_2022-02-24_20-36-09-16x12.jpg 16w\" sizes=\"auto, (max-width: 1280px) 100vw, 1280px\" \/><\/a>\t\t<\/div>\n\t\t\t\t\t\t\t\t<header class=\"wp-show-posts-entry-header\">\n\t\t\t\t\t\t\t<h4 class=\"wp-show-posts-entry-title\" itemprop=\"headline\"><a href=\"https:\/\/tabanobike.com\/eu\/rutas\/lastur-otarre-elosua\/\" rel=\"bookmark\">Lastur &#8211; Otarre &#8211; Elosua<\/a><\/h4><div class=\"wp-show-posts-entry-meta wp-show-posts-entry-meta-below-title post-meta-inline\"><span class=\"wp-show-posts-posted-on wp-show-posts-meta\">\n\t\t\t\t\t<a href=\"https:\/\/tabanobike.com\/eu\/rutas\/lastur-otarre-elosua\/\" title=\"\" rel=\"bookmark\"><time class=\"wp-show-posts-entry-date published\" datetime=\"2022-02-24T18:40:24+01:00\" itemprop=\"datePublished\"><\/time><time class=\"wp-show-posts-updated\" datetime=\"2022-02-28T19:54:42+01:00\" itemprop=\"dateModified\"><\/time><\/a>\n\t\t\t\t<\/span><\/div>\t\t\t\t\t\t<\/header><!-- .entry-header -->\n\t\t\t\t\t\t\t\t\t\t\t<div class=\"wp-show-posts-entry-summary\" itemprop=\"text\">\n\t\t\t\t\t\t\t<p>Eibartik Lasturrera abiatuko gara metro bila, Sasiola igo eta Azurkirantz joko dugu hormigoizko pista batetik Otarrera igotzeko. Han, tropel profesional bateko aldapa duinak topatuko ditugu, 3,6 kilometroko igoera zorrotza, 9,6ko batez besteko maldarekin, % 19rainoko aldapekin...<\/p>\n\t\t\t\t\t\t<\/div><!-- .entry-summary -->\n\t\t\t\t\t<div class=\"wpsp-read-more\"><a title=\"Lastur &#8211; Otarre &#8211; Elosua\" class=\"wp-show-posts-read-more\" href=\"https:\/\/tabanobike.com\/eu\/rutas\/lastur-otarre-elosua\/\">Sartu<\/a><\/div><\/div><!-- wp-show-posts-inner --><\/article><article class=\"wp-show-posts-single post-831 page type-page status-publish has-post-thumbnail hentry category-mtb category-rutas category-sierra-de-francia wpsp-col-4\" itemtype=\"http:\/\/schema.org\/CreativeWork\" itemscope><div class=\"wp-show-posts-inner\" style=\"\">\t\t<div class=\"wp-show-posts-image  wpsp-image-center\">\n\t\t\t<a href=\"https:\/\/tabanobike.com\/eu\/rutas\/veinte-castanos-pena-carbonera-pena-de-francia\/\"  title=\"Veinte casta\u00f1os &#8211; Pe\u00f1a Carbonera &#8211; Pe\u00f1a de Francia\"><img loading=\"lazy\" decoding=\"async\" width=\"1107\" height=\"830\" src=\"https:\/\/tabanobike.com\/wp-content\/uploads\/2022\/02\/IMG_20191103_111514.jpg\" class=\"attachment-full size-full wp-post-image\" alt=\"\" itemprop=\"image\" srcset=\"https:\/\/tabanobike.com\/wp-content\/uploads\/2022\/02\/IMG_20191103_111514.jpg 1107w, https:\/\/tabanobike.com\/wp-content\/uploads\/2022\/02\/IMG_20191103_111514-300x225.jpg 300w, https:\/\/tabanobike.com\/wp-content\/uploads\/2022\/02\/IMG_20191103_111514-1024x768.jpg 1024w, https:\/\/tabanobike.com\/wp-content\/uploads\/2022\/02\/IMG_20191103_111514-768x576.jpg 768w, https:\/\/tabanobike.com\/wp-content\/uploads\/2022\/02\/IMG_20191103_111514-16x12.jpg 16w\" sizes=\"auto, (max-width: 1107px) 100vw, 1107px\" \/><\/a>\t\t<\/div>\n\t\t\t\t\t\t\t\t<header class=\"wp-show-posts-entry-header\">\n\t\t\t\t\t\t\t<h4 class=\"wp-show-posts-entry-title\" itemprop=\"headline\"><a href=\"https:\/\/tabanobike.com\/eu\/rutas\/veinte-castanos-pena-carbonera-pena-de-francia\/\" rel=\"bookmark\">Veinte casta\u00f1os &#8211; Pe\u00f1a Carbonera &#8211; Pe\u00f1a de Francia<\/a><\/h4><div class=\"wp-show-posts-entry-meta wp-show-posts-entry-meta-below-title post-meta-inline\"><span class=\"wp-show-posts-posted-on wp-show-posts-meta\">\n\t\t\t\t\t<a href=\"https:\/\/tabanobike.com\/eu\/rutas\/veinte-castanos-pena-carbonera-pena-de-francia\/\" title=\"\" rel=\"bookmark\"><time class=\"wp-show-posts-entry-date published\" datetime=\"2022-02-23T21:11:49+01:00\" itemprop=\"datePublished\"><\/time><time class=\"wp-show-posts-updated\" datetime=\"2022-02-23T22:32:29+01:00\" itemprop=\"dateModified\"><\/time><\/a>\n\t\t\t\t<\/span><\/div>\t\t\t\t\t\t<\/header><!-- .entry-header -->\n\t\t\t\t\t\t\t\t\t\t\t<div class=\"wp-show-posts-entry-summary\" itemprop=\"text\">\n\t\t\t\t\t\t\t<p>MTB irteera La Albercatik Fuente Casta\u00f1orantz doan bidetik hasiko gara, errepidera iristean 1km egingo ditugu Sotoserranorantz, Veinte Casta\u00f1os-etik igotzean  Buitrerara iritsiko gara, jaitsiera labur batek Portilloko errepideraino eramango gaitu..<\/p>\n\t\t\t\t\t\t<\/div><!-- .entry-summary -->\n\t\t\t\t\t<div class=\"wpsp-read-more\"><a title=\"Veinte casta\u00f1os &#8211; Pe\u00f1a Carbonera &#8211; Pe\u00f1a de Francia\" class=\"wp-show-posts-read-more\" href=\"https:\/\/tabanobike.com\/eu\/rutas\/veinte-castanos-pena-carbonera-pena-de-francia\/\">Sartu<\/a><\/div><\/div><!-- wp-show-posts-inner --><\/article><article class=\"wp-show-posts-single post-822 page type-page status-publish has-post-thumbnail hentry category-mtb category-rutas category-sierra-de-francia wpsp-col-4\" itemtype=\"http:\/\/schema.org\/CreativeWork\" itemscope><div class=\"wp-show-posts-inner\" style=\"\">\t\t<div class=\"wp-show-posts-image  wpsp-image-center\">\n\t\t\t<a href=\"https:\/\/tabanobike.com\/eu\/rutas\/majadas-la-regajera-castillo-buitrera\/\"  title=\"Majadas &#8211; La Regajera- Castillo de La Herguijuela- Buitrera\"><img loading=\"lazy\" decoding=\"async\" width=\"2560\" height=\"1920\" src=\"https:\/\/tabanobike.com\/wp-content\/uploads\/2022\/02\/IMG_20211229_114129-scaled.jpg\" class=\"attachment-full size-full wp-post-image\" alt=\"\" itemprop=\"image\" srcset=\"https:\/\/tabanobike.com\/wp-content\/uploads\/2022\/02\/IMG_20211229_114129-scaled.jpg 2560w, https:\/\/tabanobike.com\/wp-content\/uploads\/2022\/02\/IMG_20211229_114129-300x225.jpg 300w, https:\/\/tabanobike.com\/wp-content\/uploads\/2022\/02\/IMG_20211229_114129-1024x768.jpg 1024w, https:\/\/tabanobike.com\/wp-content\/uploads\/2022\/02\/IMG_20211229_114129-768x576.jpg 768w, https:\/\/tabanobike.com\/wp-content\/uploads\/2022\/02\/IMG_20211229_114129-1536x1152.jpg 1536w, https:\/\/tabanobike.com\/wp-content\/uploads\/2022\/02\/IMG_20211229_114129-2048x1536.jpg 2048w, https:\/\/tabanobike.com\/wp-content\/uploads\/2022\/02\/IMG_20211229_114129-16x12.jpg 16w\" sizes=\"auto, (max-width: 2560px) 100vw, 2560px\" \/><\/a>\t\t<\/div>\n\t\t\t\t\t\t\t\t<header class=\"wp-show-posts-entry-header\">\n\t\t\t\t\t\t\t<h4 class=\"wp-show-posts-entry-title\" itemprop=\"headline\"><a href=\"https:\/\/tabanobike.com\/eu\/rutas\/majadas-la-regajera-castillo-buitrera\/\" rel=\"bookmark\">Majadas &#8211; La Regajera- Castillo de La Herguijuela- Buitrera<\/a><\/h4><div class=\"wp-show-posts-entry-meta wp-show-posts-entry-meta-below-title post-meta-inline\"><span class=\"wp-show-posts-posted-on wp-show-posts-meta\">\n\t\t\t\t\t<a href=\"https:\/\/tabanobike.com\/eu\/rutas\/majadas-la-regajera-castillo-buitrera\/\" title=\"\" rel=\"bookmark\"><time class=\"wp-show-posts-entry-date published\" datetime=\"2022-02-21T13:17:17+01:00\" itemprop=\"datePublished\"><\/time><time class=\"wp-show-posts-updated\" datetime=\"2022-02-21T13:40:44+01:00\" itemprop=\"dateModified\"><\/time><\/a>\n\t\t\t\t<\/span><\/div>\t\t\t\t\t\t<\/header><!-- .entry-header -->\n\t\t\t\t\t\t\t\t\t\t\t<div class=\"wp-show-posts-entry-summary\" itemprop=\"text\">\n\t\t\t\t\t\t\t<p>MTB irteera Sierra de Francian, La Albercatik Majadaseko ermitaraino joango gara, handik Mogarrazeraino jaitsiko gara, erromatar zubiraino jaitsiko gara, Regajeraraino jarraituko dugu...<\/p>\n\t\t\t\t\t\t<\/div><!-- .entry-summary -->\n\t\t\t\t\t<div class=\"wpsp-read-more\"><a title=\"Majadas &#8211; La Regajera- Castillo de La Herguijuela- Buitrera\" class=\"wp-show-posts-read-more\" href=\"https:\/\/tabanobike.com\/eu\/rutas\/majadas-la-regajera-castillo-buitrera\/\">Sartu<\/a><\/div><\/div><!-- wp-show-posts-inner --><\/article><article class=\"wp-show-posts-single post-800 page type-page status-publish has-post-thumbnail hentry category-cantabria category-mtb category-rutas wpsp-col-4\" itemtype=\"http:\/\/schema.org\/CreativeWork\" itemscope><div class=\"wp-show-posts-inner\" style=\"\">\t\t<div class=\"wp-show-posts-image  wpsp-image-center\">\n\t\t\t<a href=\"https:\/\/tabanobike.com\/eu\/rutas\/mini-soplao\/\"  title=\"Mini Soplao\"><img loading=\"lazy\" decoding=\"async\" width=\"2560\" height=\"1920\" src=\"https:\/\/tabanobike.com\/wp-content\/uploads\/2022\/02\/IMG_20210609_131043-scaled.jpg\" class=\"attachment-full size-full wp-post-image\" alt=\"\" itemprop=\"image\" srcset=\"https:\/\/tabanobike.com\/wp-content\/uploads\/2022\/02\/IMG_20210609_131043-scaled.jpg 2560w, https:\/\/tabanobike.com\/wp-content\/uploads\/2022\/02\/IMG_20210609_131043-300x225.jpg 300w, https:\/\/tabanobike.com\/wp-content\/uploads\/2022\/02\/IMG_20210609_131043-1024x768.jpg 1024w, https:\/\/tabanobike.com\/wp-content\/uploads\/2022\/02\/IMG_20210609_131043-768x576.jpg 768w, https:\/\/tabanobike.com\/wp-content\/uploads\/2022\/02\/IMG_20210609_131043-1536x1152.jpg 1536w, https:\/\/tabanobike.com\/wp-content\/uploads\/2022\/02\/IMG_20210609_131043-2048x1536.jpg 2048w, https:\/\/tabanobike.com\/wp-content\/uploads\/2022\/02\/IMG_20210609_131043-16x12.jpg 16w\" sizes=\"auto, (max-width: 2560px) 100vw, 2560px\" \/><\/a>\t\t<\/div>\n\t\t\t\t\t\t\t\t<header class=\"wp-show-posts-entry-header\">\n\t\t\t\t\t\t\t<h4 class=\"wp-show-posts-entry-title\" itemprop=\"headline\"><a href=\"https:\/\/tabanobike.com\/eu\/rutas\/mini-soplao\/\" rel=\"bookmark\">Mini Soplao<\/a><\/h4><div class=\"wp-show-posts-entry-meta wp-show-posts-entry-meta-below-title post-meta-inline\"><span class=\"wp-show-posts-posted-on wp-show-posts-meta\">\n\t\t\t\t\t<a href=\"https:\/\/tabanobike.com\/eu\/rutas\/mini-soplao\/\" title=\"\" rel=\"bookmark\"><time class=\"wp-show-posts-entry-date published\" datetime=\"2022-02-18T17:39:06+01:00\" itemprop=\"datePublished\"><\/time><time class=\"wp-show-posts-updated\" datetime=\"2022-02-18T19:32:35+01:00\" itemprop=\"dateModified\"><\/time><\/a>\n\t\t\t\t<\/span><\/div>\t\t\t\t\t\t<\/header><!-- .entry-header -->\n\t\t\t\t\t\t\t\t\t\t\t<div class=\"wp-show-posts-entry-summary\" itemprop=\"text\">\n\t\t\t\t\t\t\t<p>MTB irteera Los Tojosetik (Kantabria). Dagoeneko hainbat aldiz eginda, covid urte honetan gure kabuz egin dugu 100km-ra murriztuz, lehen mendatea Negreo (ez da hain gogorra...<\/p>\n\t\t\t\t\t\t<\/div><!-- .entry-summary -->\n\t\t\t\t\t<div class=\"wpsp-read-more\"><a title=\"Mini Soplao\" class=\"wp-show-posts-read-more\" href=\"https:\/\/tabanobike.com\/eu\/rutas\/mini-soplao\/\">Sartu<\/a><\/div><\/div><!-- wp-show-posts-inner --><\/article><article class=\"wp-show-posts-single post-726 page type-page status-publish has-post-thumbnail hentry category-mtb category-rutas category-sierra-de-francia wpsp-col-4\" itemtype=\"http:\/\/schema.org\/CreativeWork\" itemscope><div class=\"wp-show-posts-inner\" style=\"\">\t\t<div class=\"wp-show-posts-image  wpsp-image-center\">\n\t\t\t<a href=\"https:\/\/tabanobike.com\/eu\/rutas\/el-copero\/\"  title=\"El Copero\"><img loading=\"lazy\" decoding=\"async\" width=\"1280\" height=\"957\" src=\"https:\/\/tabanobike.com\/wp-content\/uploads\/2022\/02\/photo_2022-02-18_15-51-48.jpg\" class=\"attachment-full size-full wp-post-image\" alt=\"\" itemprop=\"image\" srcset=\"https:\/\/tabanobike.com\/wp-content\/uploads\/2022\/02\/photo_2022-02-18_15-51-48.jpg 1280w, https:\/\/tabanobike.com\/wp-content\/uploads\/2022\/02\/photo_2022-02-18_15-51-48-300x224.jpg 300w, https:\/\/tabanobike.com\/wp-content\/uploads\/2022\/02\/photo_2022-02-18_15-51-48-1024x766.jpg 1024w, https:\/\/tabanobike.com\/wp-content\/uploads\/2022\/02\/photo_2022-02-18_15-51-48-768x574.jpg 768w, https:\/\/tabanobike.com\/wp-content\/uploads\/2022\/02\/photo_2022-02-18_15-51-48-16x12.jpg 16w\" sizes=\"auto, (max-width: 1280px) 100vw, 1280px\" \/><\/a>\t\t<\/div>\n\t\t\t\t\t\t\t\t<header class=\"wp-show-posts-entry-header\">\n\t\t\t\t\t\t\t<h4 class=\"wp-show-posts-entry-title\" itemprop=\"headline\"><a href=\"https:\/\/tabanobike.com\/eu\/rutas\/el-copero\/\" rel=\"bookmark\">El Copero<\/a><\/h4><div class=\"wp-show-posts-entry-meta wp-show-posts-entry-meta-below-title post-meta-inline\"><span class=\"wp-show-posts-posted-on wp-show-posts-meta\">\n\t\t\t\t\t<a href=\"https:\/\/tabanobike.com\/eu\/rutas\/el-copero\/\" title=\"\" rel=\"bookmark\"><time class=\"wp-show-posts-entry-date published\" datetime=\"2022-02-18T12:59:55+01:00\" itemprop=\"datePublished\"><\/time><time class=\"wp-show-posts-updated\" datetime=\"2022-02-24T23:18:14+01:00\" itemprop=\"dateModified\"><\/time><\/a>\n\t\t\t\t<\/span><\/div>\t\t\t\t\t\t<\/header><!-- .entry-header -->\n\t\t\t\t\t\t\t\t\t\t\t<div class=\"wp-show-posts-entry-summary\" itemprop=\"text\">\n\t\t\t\t\t\t\t<p>MTB irteera Sierra de Francia-tik, La Albercatik Lera gainera igoko gara, eta, ondoren, La Pe\u00f1ako errepideraino jarraituko dugu, Mailloraino. Mendiko pista eta errepide pixka bat tartekatuko ditugu...<\/p>\n\t\t\t\t\t\t<\/div><!-- .entry-summary -->\n\t\t\t\t\t<div class=\"wpsp-read-more\"><a title=\"El Copero\" class=\"wp-show-posts-read-more\" href=\"https:\/\/tabanobike.com\/eu\/rutas\/el-copero\/\">Sartu<\/a><\/div><\/div><!-- wp-show-posts-inner --><\/article><article class=\"wp-show-posts-single post-677 page type-page status-publish has-post-thumbnail hentry category-mtb category-navarra category-rutas wpsp-col-4\" itemtype=\"http:\/\/schema.org\/CreativeWork\" itemscope><div class=\"wp-show-posts-inner\" style=\"\">\t\t<div class=\"wp-show-posts-image  wpsp-image-center\">\n\t\t\t<a href=\"https:\/\/tabanobike.com\/eu\/rutas\/san-donato-beriain\/\"  title=\"San Donato &#8211; Beriain\"><img loading=\"lazy\" decoding=\"async\" width=\"980\" height=\"735\" src=\"https:\/\/tabanobike.com\/wp-content\/uploads\/2022\/02\/IMG_000113.jpg\" class=\"attachment-full size-full wp-post-image\" alt=\"\" itemprop=\"image\" srcset=\"https:\/\/tabanobike.com\/wp-content\/uploads\/2022\/02\/IMG_000113.jpg 980w, https:\/\/tabanobike.com\/wp-content\/uploads\/2022\/02\/IMG_000113-300x225.jpg 300w, https:\/\/tabanobike.com\/wp-content\/uploads\/2022\/02\/IMG_000113-768x576.jpg 768w\" sizes=\"auto, (max-width: 980px) 100vw, 980px\" \/><\/a>\t\t<\/div>\n\t\t\t\t\t\t\t\t<header class=\"wp-show-posts-entry-header\">\n\t\t\t\t\t\t\t<h4 class=\"wp-show-posts-entry-title\" itemprop=\"headline\"><a href=\"https:\/\/tabanobike.com\/eu\/rutas\/san-donato-beriain\/\" rel=\"bookmark\">San Donato &#8211; Beriain<\/a><\/h4><div class=\"wp-show-posts-entry-meta wp-show-posts-entry-meta-below-title post-meta-inline\"><span class=\"wp-show-posts-posted-on wp-show-posts-meta\">\n\t\t\t\t\t<a href=\"https:\/\/tabanobike.com\/eu\/rutas\/san-donato-beriain\/\" title=\"\" rel=\"bookmark\"><time class=\"wp-show-posts-entry-date published\" datetime=\"2022-02-15T20:34:23+01:00\" itemprop=\"datePublished\"><\/time><time class=\"wp-show-posts-updated\" datetime=\"2022-02-25T08:41:38+01:00\" itemprop=\"dateModified\"><\/time><\/a>\n\t\t\t\t<\/span><\/div>\t\t\t\t\t\t<\/header><!-- .entry-header -->\n\t\t\t\t\t\t\t\t\t\t\t<div class=\"wp-show-posts-entry-summary\" itemprop=\"text\">\n\t\t\t\t\t\t\t<p>Lugar de salida: Puerto de Lizarraga (Navarra) Ruta de mtb saliendo desde el puerto de Lizarraga recorriendo parte de la sierra de Andia, pasando por la hermita de San Donato&#8230;.<\/p>\n\t\t\t\t\t\t<\/div><!-- .entry-summary -->\n\t\t\t\t\t<div class=\"wpsp-read-more\"><a title=\"San Donato &#8211; Beriain\" class=\"wp-show-posts-read-more\" href=\"https:\/\/tabanobike.com\/eu\/rutas\/san-donato-beriain\/\">Sartu<\/a><\/div><\/div><!-- wp-show-posts-inner --><\/article><article class=\"wp-show-posts-single post-672 page type-page status-publish has-post-thumbnail hentry category-carretera category-rioja category-rutas wpsp-col-4\" itemtype=\"http:\/\/schema.org\/CreativeWork\" itemscope><div class=\"wp-show-posts-inner\" style=\"\">\t\t<div class=\"wp-show-posts-image  wpsp-image-center\">\n\t\t\t<a href=\"https:\/\/tabanobike.com\/eu\/rutas\/torrecilla-de-cameros-montenegro-pena-incada\/\"  title=\"Torrecilla de Cameros &#8211; Montenegro &#8211; Pe\u00f1a Incada\"><img loading=\"lazy\" decoding=\"async\" width=\"980\" height=\"735\" src=\"https:\/\/tabanobike.com\/wp-content\/uploads\/2022\/02\/IMG_006313.jpg\" class=\"attachment-full size-full wp-post-image\" alt=\"\" itemprop=\"image\" srcset=\"https:\/\/tabanobike.com\/wp-content\/uploads\/2022\/02\/IMG_006313.jpg 980w, https:\/\/tabanobike.com\/wp-content\/uploads\/2022\/02\/IMG_006313-300x225.jpg 300w, https:\/\/tabanobike.com\/wp-content\/uploads\/2022\/02\/IMG_006313-768x576.jpg 768w\" sizes=\"auto, (max-width: 980px) 100vw, 980px\" \/><\/a>\t\t<\/div>\n\t\t\t\t\t\t\t\t<header class=\"wp-show-posts-entry-header\">\n\t\t\t\t\t\t\t<h4 class=\"wp-show-posts-entry-title\" itemprop=\"headline\"><a href=\"https:\/\/tabanobike.com\/eu\/rutas\/torrecilla-de-cameros-montenegro-pena-incada\/\" rel=\"bookmark\">Torrecilla de Cameros &#8211; Montenegro &#8211; Pe\u00f1a Incada<\/a><\/h4><div class=\"wp-show-posts-entry-meta wp-show-posts-entry-meta-below-title post-meta-inline\"><span class=\"wp-show-posts-posted-on wp-show-posts-meta\">\n\t\t\t\t\t<a href=\"https:\/\/tabanobike.com\/eu\/rutas\/torrecilla-de-cameros-montenegro-pena-incada\/\" title=\"\" rel=\"bookmark\"><time class=\"wp-show-posts-entry-date published\" datetime=\"2022-02-15T20:12:15+01:00\" itemprop=\"datePublished\"><\/time><time class=\"wp-show-posts-updated\" datetime=\"2022-02-18T13:02:00+01:00\" itemprop=\"dateModified\"><\/time><\/a>\n\t\t\t\t<\/span><\/div>\t\t\t\t\t\t<\/header><!-- .entry-header -->\n\t\t\t\t\t\t\t\t\t\t\t<div class=\"wp-show-posts-entry-summary\" itemprop=\"text\">\n\t\t\t\t\t\t\t<p>Torrecilla de Camerosetik errepide-irteera Ibilbidea Camerosetik zirkulatu, Montenegro gaina eta Pe\u00f1a Incada mendatea igoz<\/p>\n\t\t\t\t\t\t<\/div><!-- .entry-summary -->\n\t\t\t\t\t<div class=\"wpsp-read-more\"><a title=\"Torrecilla de Cameros &#8211; Montenegro &#8211; Pe\u00f1a Incada\" class=\"wp-show-posts-read-more\" href=\"https:\/\/tabanobike.com\/eu\/rutas\/torrecilla-de-cameros-montenegro-pena-incada\/\">Sartu<\/a><\/div><\/div><!-- wp-show-posts-inner --><\/article><article class=\"wp-show-posts-single post-667 page type-page status-publish has-post-thumbnail hentry category-mtb category-navarra category-rutas wpsp-col-4\" itemtype=\"http:\/\/schema.org\/CreativeWork\" itemscope><div class=\"wp-show-posts-inner\" style=\"\">\t\t<div class=\"wp-show-posts-image  wpsp-image-center\">\n\t\t\t<a href=\"https:\/\/tabanobike.com\/eu\/rutas\/lizarraga-urbasa\/\"  title=\"Lizarraga &#8211; Urbasa\"><img loading=\"lazy\" decoding=\"async\" width=\"980\" height=\"735\" src=\"https:\/\/tabanobike.com\/wp-content\/uploads\/2022\/02\/IMG_001426.jpg\" class=\"attachment-full size-full wp-post-image\" alt=\"\" itemprop=\"image\" srcset=\"https:\/\/tabanobike.com\/wp-content\/uploads\/2022\/02\/IMG_001426.jpg 980w, https:\/\/tabanobike.com\/wp-content\/uploads\/2022\/02\/IMG_001426-300x225.jpg 300w, https:\/\/tabanobike.com\/wp-content\/uploads\/2022\/02\/IMG_001426-768x576.jpg 768w\" sizes=\"auto, (max-width: 980px) 100vw, 980px\" \/><\/a>\t\t<\/div>\n\t\t\t\t\t\t\t\t<header class=\"wp-show-posts-entry-header\">\n\t\t\t\t\t\t\t<h4 class=\"wp-show-posts-entry-title\" itemprop=\"headline\"><a href=\"https:\/\/tabanobike.com\/eu\/rutas\/lizarraga-urbasa\/\" rel=\"bookmark\">Lizarraga &#8211; Urbasa<\/a><\/h4><div class=\"wp-show-posts-entry-meta wp-show-posts-entry-meta-below-title post-meta-inline\"><span class=\"wp-show-posts-posted-on wp-show-posts-meta\">\n\t\t\t\t\t<a href=\"https:\/\/tabanobike.com\/eu\/rutas\/lizarraga-urbasa\/\" title=\"\" rel=\"bookmark\"><time class=\"wp-show-posts-entry-date published\" datetime=\"2022-02-15T19:50:06+01:00\" itemprop=\"datePublished\"><\/time><time class=\"wp-show-posts-updated\" datetime=\"2022-02-18T13:03:38+01:00\" itemprop=\"dateModified\"><\/time><\/a>\n\t\t\t\t<\/span><\/div>\t\t\t\t\t\t<\/header><!-- .entry-header -->\n\t\t\t\t\t\t\t\t\t\t\t<div class=\"wp-show-posts-entry-summary\" itemprop=\"text\">\n\t\t\t\t\t\t\t<p>Mtb ibilbidea Lizarragako mendatearen gainetik irtenda, S.Adrian-St. Marina-Otsoportillo-Arleze<\/p>\n\t\t\t\t\t\t<\/div><!-- .entry-summary -->\n\t\t\t\t\t<div class=\"wpsp-read-more\"><a title=\"Lizarraga &#8211; Urbasa\" class=\"wp-show-posts-read-more\" href=\"https:\/\/tabanobike.com\/eu\/rutas\/lizarraga-urbasa\/\">Sartu<\/a><\/div><\/div><!-- wp-show-posts-inner --><\/article><article class=\"wp-show-posts-single post-662 page type-page status-publish has-post-thumbnail hentry category-mtb category-navarra category-rutas wpsp-col-4\" itemtype=\"http:\/\/schema.org\/CreativeWork\" itemscope><div class=\"wp-show-posts-inner\" style=\"\">\t\t<div class=\"wp-show-posts-image  wpsp-image-center\">\n\t\t\t<a href=\"https:\/\/tabanobike.com\/eu\/rutas\/lizarra-inguruak\/\"  title=\"Lizarra inguruak\"><img loading=\"lazy\" decoding=\"async\" width=\"980\" height=\"735\" src=\"https:\/\/tabanobike.com\/wp-content\/uploads\/2022\/02\/IMG_03441.jpg\" class=\"attachment-full size-full wp-post-image\" alt=\"\" itemprop=\"image\" srcset=\"https:\/\/tabanobike.com\/wp-content\/uploads\/2022\/02\/IMG_03441.jpg 980w, https:\/\/tabanobike.com\/wp-content\/uploads\/2022\/02\/IMG_03441-300x225.jpg 300w, https:\/\/tabanobike.com\/wp-content\/uploads\/2022\/02\/IMG_03441-768x576.jpg 768w\" sizes=\"auto, (max-width: 980px) 100vw, 980px\" \/><\/a>\t\t<\/div>\n\t\t\t\t\t\t\t\t<header class=\"wp-show-posts-entry-header\">\n\t\t\t\t\t\t\t<h4 class=\"wp-show-posts-entry-title\" itemprop=\"headline\"><a href=\"https:\/\/tabanobike.com\/eu\/rutas\/lizarra-inguruak\/\" rel=\"bookmark\">Lizarra inguruak<\/a><\/h4><div class=\"wp-show-posts-entry-meta wp-show-posts-entry-meta-below-title post-meta-inline\"><span class=\"wp-show-posts-posted-on wp-show-posts-meta\">\n\t\t\t\t\t<a href=\"https:\/\/tabanobike.com\/eu\/rutas\/lizarra-inguruak\/\" title=\"\" rel=\"bookmark\"><time class=\"wp-show-posts-entry-date published\" datetime=\"2022-02-15T19:28:48+01:00\" itemprop=\"datePublished\"><\/time><time class=\"wp-show-posts-updated\" datetime=\"2022-02-18T13:03:50+01:00\" itemprop=\"dateModified\"><\/time><\/a>\n\t\t\t\t<\/span><\/div>\t\t\t\t\t\t<\/header><!-- .entry-header -->\n\t\t\t\t\t\t\t\t\t\t\t<div class=\"wp-show-posts-entry-summary\" itemprop=\"text\">\n\t\t\t\t\t\t\t<p>Irteera lekua: Lizarra \u2013 Lizarra (Nafarroa) MTB Ibilbidea Lizarra herritik inguratuz. Kilometroak guztira: 40 km Metroak : 762 m...<\/p>\n\t\t\t\t\t\t<\/div><!-- .entry-summary -->\n\t\t\t\t\t<div class=\"wpsp-read-more\"><a title=\"Lizarra inguruak\" class=\"wp-show-posts-read-more\" href=\"https:\/\/tabanobike.com\/eu\/rutas\/lizarra-inguruak\/\">Sartu<\/a><\/div><\/div><!-- wp-show-posts-inner --><\/article><article class=\"wp-show-posts-single post-640 page type-page status-publish has-post-thumbnail hentry category-burgos category-mtb category-rutas wpsp-col-4\" itemtype=\"http:\/\/schema.org\/CreativeWork\" itemscope><div class=\"wp-show-posts-inner\" style=\"\">\t\t<div class=\"wp-show-posts-image  wpsp-image-center\">\n\t\t\t<a href=\"https:\/\/tabanobike.com\/eu\/rutas\/ojo-guarena\/\"  title=\"Ojo Guare\u00f1a\"><img loading=\"lazy\" decoding=\"async\" width=\"980\" height=\"735\" src=\"https:\/\/tabanobike.com\/wp-content\/uploads\/2022\/02\/IMG_01107.jpg\" class=\"attachment-full size-full wp-post-image\" alt=\"\" itemprop=\"image\" srcset=\"https:\/\/tabanobike.com\/wp-content\/uploads\/2022\/02\/IMG_01107.jpg 980w, https:\/\/tabanobike.com\/wp-content\/uploads\/2022\/02\/IMG_01107-300x225.jpg 300w, https:\/\/tabanobike.com\/wp-content\/uploads\/2022\/02\/IMG_01107-768x576.jpg 768w\" sizes=\"auto, (max-width: 980px) 100vw, 980px\" \/><\/a>\t\t<\/div>\n\t\t\t\t\t\t\t\t<header class=\"wp-show-posts-entry-header\">\n\t\t\t\t\t\t\t<h4 class=\"wp-show-posts-entry-title\" itemprop=\"headline\"><a href=\"https:\/\/tabanobike.com\/eu\/rutas\/ojo-guarena\/\" rel=\"bookmark\">Ojo Guare\u00f1a<\/a><\/h4><div class=\"wp-show-posts-entry-meta wp-show-posts-entry-meta-below-title post-meta-inline\"><span class=\"wp-show-posts-posted-on wp-show-posts-meta\">\n\t\t\t\t\t<a href=\"https:\/\/tabanobike.com\/eu\/rutas\/ojo-guarena\/\" title=\"\" rel=\"bookmark\"><time class=\"wp-show-posts-entry-date published\" datetime=\"2022-02-14T23:47:13+01:00\" itemprop=\"datePublished\"><\/time><time class=\"wp-show-posts-updated\" datetime=\"2022-02-18T13:01:49+01:00\" itemprop=\"dateModified\"><\/time><\/a>\n\t\t\t\t<\/span><\/div>\t\t\t\t\t\t<\/header><!-- .entry-header -->\n\t\t\t\t\t\t\t\t\t\t\t<div class=\"wp-show-posts-entry-summary\" itemprop=\"text\">\n\t\t\t\t\t\t\t<p>Villarcayotik MTB irteera, Ojo Guare\u00f1a haitzuloa bisitatuz, Ventanoneraino igotzen hasten da, Puentedeyraino jaisten da, Mea ur-jauzia bisitatzen du eta trenbide zaharretik Villarcayora itzultzen da.<\/p>\n\t\t\t\t\t\t<\/div><!-- .entry-summary -->\n\t\t\t\t\t<div class=\"wpsp-read-more\"><a title=\"Ojo Guare\u00f1a\" class=\"wp-show-posts-read-more\" href=\"https:\/\/tabanobike.com\/eu\/rutas\/ojo-guarena\/\">Sartu<\/a><\/div><\/div><!-- wp-show-posts-inner --><\/article><article class=\"wp-show-posts-single post-622 page type-page status-publish has-post-thumbnail hentry category-carretera category-euskadi category-rutas wpsp-col-4\" itemtype=\"http:\/\/schema.org\/CreativeWork\" itemscope><div class=\"wp-show-posts-inner\" style=\"\">\t\t<div class=\"wp-show-posts-image  wpsp-image-center\">\n\t\t\t<a href=\"https:\/\/tabanobike.com\/eu\/rutas\/eibar-muro-de-aia\/\"  title=\"Eibar &#8211; Muro de Aia\"><img loading=\"lazy\" decoding=\"async\" width=\"1204\" height=\"903\" src=\"https:\/\/tabanobike.com\/wp-content\/uploads\/2022\/02\/IMG_20170319_113145366.jpg\" class=\"attachment-full size-full wp-post-image\" alt=\"\" itemprop=\"image\" srcset=\"https:\/\/tabanobike.com\/wp-content\/uploads\/2022\/02\/IMG_20170319_113145366.jpg 1204w, https:\/\/tabanobike.com\/wp-content\/uploads\/2022\/02\/IMG_20170319_113145366-300x225.jpg 300w, https:\/\/tabanobike.com\/wp-content\/uploads\/2022\/02\/IMG_20170319_113145366-1024x768.jpg 1024w, https:\/\/tabanobike.com\/wp-content\/uploads\/2022\/02\/IMG_20170319_113145366-768x576.jpg 768w\" sizes=\"auto, (max-width: 1204px) 100vw, 1204px\" \/><\/a>\t\t<\/div>\n\t\t\t\t\t\t\t\t<header class=\"wp-show-posts-entry-header\">\n\t\t\t\t\t\t\t<h4 class=\"wp-show-posts-entry-title\" itemprop=\"headline\"><a href=\"https:\/\/tabanobike.com\/eu\/rutas\/eibar-muro-de-aia\/\" rel=\"bookmark\">Eibar \u2013 Aiako Pareta<\/a><\/h4><div class=\"wp-show-posts-entry-meta wp-show-posts-entry-meta-below-title post-meta-inline\"><span class=\"wp-show-posts-posted-on wp-show-posts-meta\">\n\t\t\t\t\t<a href=\"https:\/\/tabanobike.com\/eu\/rutas\/eibar-muro-de-aia\/\" title=\"\" rel=\"bookmark\"><time class=\"wp-show-posts-entry-date published\" datetime=\"2022-02-14T19:41:23+01:00\" itemprop=\"datePublished\"><\/time><time class=\"wp-show-posts-updated\" datetime=\"2022-02-22T21:37:14+01:00\" itemprop=\"dateModified\"><\/time><\/a>\n\t\t\t\t<\/span><\/div>\t\t\t\t\t\t<\/header><!-- .entry-header -->\n\t\t\t\t\t\t\t\t\t\t\t<div class=\"wp-show-posts-entry-summary\" itemprop=\"text\">\n\t\t\t\t\t\t\t<p>Eibartik irten eta kostako errepidea hartuko dugu Orioraino. Han, Aiarako norabidea hartuko dugu horma ospetsua igotzeko. Eibarrera itzuliko gara berriz ere, kostaldeko errepidea zeharkatuz.<\/p>\n\t\t\t\t\t\t<\/div><!-- .entry-summary -->\n\t\t\t\t\t<div class=\"wpsp-read-more\"><a title=\"Eibar &#8211; Muro de Aia\" class=\"wp-show-posts-read-more\" href=\"https:\/\/tabanobike.com\/eu\/rutas\/eibar-muro-de-aia\/\">Sartu<\/a><\/div><\/div><!-- wp-show-posts-inner --><\/article><article class=\"wp-show-posts-single post-391 page type-page status-publish has-post-thumbnail hentry category-mtb category-euskadi category-rutas wpsp-col-4\" itemtype=\"http:\/\/schema.org\/CreativeWork\" itemscope><div class=\"wp-show-posts-inner\" style=\"\">\t\t<div class=\"wp-show-posts-image  wpsp-image-center\">\n\t\t\t<a href=\"https:\/\/tabanobike.com\/eu\/rutas\/alonamendi-urbia-elgea\/\"  title=\"Alo\u00f1amendi &#8211; Urbia &#8211; Elgea\"><img loading=\"lazy\" decoding=\"async\" width=\"1280\" height=\"960\" src=\"https:\/\/tabanobike.com\/wp-content\/uploads\/2022\/02\/photo_2022-02-06_19-07-25.jpg\" class=\"attachment-full size-full wp-post-image\" alt=\"\" itemprop=\"image\" srcset=\"https:\/\/tabanobike.com\/wp-content\/uploads\/2022\/02\/photo_2022-02-06_19-07-25.jpg 1280w, https:\/\/tabanobike.com\/wp-content\/uploads\/2022\/02\/photo_2022-02-06_19-07-25-300x225.jpg 300w, https:\/\/tabanobike.com\/wp-content\/uploads\/2022\/02\/photo_2022-02-06_19-07-25-1024x768.jpg 1024w, https:\/\/tabanobike.com\/wp-content\/uploads\/2022\/02\/photo_2022-02-06_19-07-25-768x576.jpg 768w\" sizes=\"auto, (max-width: 1280px) 100vw, 1280px\" \/><\/a>\t\t<\/div>\n\t\t\t\t\t\t\t\t<header class=\"wp-show-posts-entry-header\">\n\t\t\t\t\t\t\t<h4 class=\"wp-show-posts-entry-title\" itemprop=\"headline\"><a href=\"https:\/\/tabanobike.com\/eu\/rutas\/alonamendi-urbia-elgea\/\" rel=\"bookmark\">Alo\u00f1amendi &#8211; Urbia &#8211; Elgea<\/a><\/h4><div class=\"wp-show-posts-entry-meta wp-show-posts-entry-meta-below-title post-meta-inline\"><span class=\"wp-show-posts-posted-on wp-show-posts-meta\">\n\t\t\t\t\t<a href=\"https:\/\/tabanobike.com\/eu\/rutas\/alonamendi-urbia-elgea\/\" title=\"\" rel=\"bookmark\"><time class=\"wp-show-posts-entry-date published\" datetime=\"2022-02-06T19:08:17+01:00\" itemprop=\"datePublished\"><\/time><time class=\"wp-show-posts-updated\" datetime=\"2022-02-18T13:05:08+01:00\" itemprop=\"dateModified\"><\/time><\/a>\n\t\t\t\t<\/span><\/div>\t\t\t\t\t\t<\/header><!-- .entry-header -->\n\t\t\t\t\t\t\t\t\t\t\t<div class=\"wp-show-posts-entry-summary\" itemprop=\"text\">\n\t\t\t\t\t\t\t<p>Irteera lekua: Zubillaga (O\u00f1ati) MTB irteera Zubillagatik. Urbiarako igoeran, desbideratu egingo gara Alo\u00f1amendi tontorrera igotzeko; gainaldetik, atzera egingo dugu...<\/p>\n\t\t\t\t\t\t<\/div><!-- .entry-summary -->\n\t\t\t\t\t<div class=\"wpsp-read-more\"><a title=\"Alo\u00f1amendi &#8211; Urbia &#8211; Elgea\" class=\"wp-show-posts-read-more\" href=\"https:\/\/tabanobike.com\/eu\/rutas\/alonamendi-urbia-elgea\/\">Sartu<\/a><\/div><\/div><!-- wp-show-posts-inner --><\/article><article class=\"wp-show-posts-single post-299 page type-page status-publish has-post-thumbnail hentry category-cantabria category-mtb category-rutas wpsp-col-4\" itemtype=\"http:\/\/schema.org\/CreativeWork\" itemscope><div class=\"wp-show-posts-inner\" style=\"\">\t\t<div class=\"wp-show-posts-image  wpsp-image-center\">\n\t\t\t<a href=\"https:\/\/tabanobike.com\/eu\/rutas\/los-tojos\/\"  title=\"Los Tojos\"><img loading=\"lazy\" decoding=\"async\" width=\"1107\" height=\"830\" src=\"https:\/\/tabanobike.com\/wp-content\/uploads\/2022\/01\/WhatsApp-Image-2019-09-21-at-15.16.56.jpeg\" class=\"attachment-full size-full wp-post-image\" alt=\"\" itemprop=\"image\" srcset=\"https:\/\/tabanobike.com\/wp-content\/uploads\/2022\/01\/WhatsApp-Image-2019-09-21-at-15.16.56.jpeg 1107w, https:\/\/tabanobike.com\/wp-content\/uploads\/2022\/01\/WhatsApp-Image-2019-09-21-at-15.16.56-300x225.jpeg 300w, https:\/\/tabanobike.com\/wp-content\/uploads\/2022\/01\/WhatsApp-Image-2019-09-21-at-15.16.56-1024x768.jpeg 1024w, https:\/\/tabanobike.com\/wp-content\/uploads\/2022\/01\/WhatsApp-Image-2019-09-21-at-15.16.56-768x576.jpeg 768w\" sizes=\"auto, (max-width: 1107px) 100vw, 1107px\" \/><\/a>\t\t<\/div>\n\t\t\t\t\t\t\t\t<header class=\"wp-show-posts-entry-header\">\n\t\t\t\t\t\t\t<h4 class=\"wp-show-posts-entry-title\" itemprop=\"headline\"><a href=\"https:\/\/tabanobike.com\/eu\/rutas\/los-tojos\/\" rel=\"bookmark\">Los Tojos<\/a><\/h4><div class=\"wp-show-posts-entry-meta wp-show-posts-entry-meta-below-title post-meta-inline\"><span class=\"wp-show-posts-posted-on wp-show-posts-meta\">\n\t\t\t\t\t<a href=\"https:\/\/tabanobike.com\/eu\/rutas\/los-tojos\/\" title=\"\" rel=\"bookmark\"><time class=\"wp-show-posts-entry-date published\" datetime=\"2022-01-18T22:48:06+01:00\" itemprop=\"datePublished\"><\/time><time class=\"wp-show-posts-updated\" datetime=\"2022-02-18T19:22:39+01:00\" itemprop=\"dateModified\"><\/time><\/a>\n\t\t\t\t<\/span><\/div>\t\t\t\t\t\t<\/header><!-- .entry-header -->\n\t\t\t\t\t\t\t\t\t\t\t<div class=\"wp-show-posts-entry-summary\" itemprop=\"text\">\n\t\t\t\t\t\t\t<p>MTB irteera Los Tojostik bere inguruak ezagutzeko, Venta Viejara igoko gara, Ozcaba igarota Palombera mendatera iritsiko gara, jaitsiera txiki baten ondoren Cruz de Fuentesera iritsiko gara...<\/p>\n\t\t\t\t\t\t<\/div><!-- .entry-summary -->\n\t\t\t\t\t<div class=\"wpsp-read-more\"><a title=\"Los Tojos\" class=\"wp-show-posts-read-more\" href=\"https:\/\/tabanobike.com\/eu\/rutas\/los-tojos\/\">Sartu<\/a><\/div><\/div><!-- wp-show-posts-inner --><\/article><article class=\"wp-show-posts-single post-292 page type-page status-publish has-post-thumbnail hentry category-cantabria category-mtb category-rutas wpsp-col-4\" itemtype=\"http:\/\/schema.org\/CreativeWork\" itemscope><div class=\"wp-show-posts-inner\" style=\"\">\t\t<div class=\"wp-show-posts-image  wpsp-image-center\">\n\t\t\t<a href=\"https:\/\/tabanobike.com\/eu\/rutas\/los-machucos\/\"  title=\"Los Machucos\"><img loading=\"lazy\" decoding=\"async\" width=\"922\" height=\"692\" src=\"https:\/\/tabanobike.com\/wp-content\/uploads\/2022\/02\/P1020285.jpg\" class=\"attachment-full size-full wp-post-image\" alt=\"\" itemprop=\"image\" srcset=\"https:\/\/tabanobike.com\/wp-content\/uploads\/2022\/02\/P1020285.jpg 922w, https:\/\/tabanobike.com\/wp-content\/uploads\/2022\/02\/P1020285-300x225.jpg 300w, https:\/\/tabanobike.com\/wp-content\/uploads\/2022\/02\/P1020285-768x576.jpg 768w\" sizes=\"auto, (max-width: 922px) 100vw, 922px\" \/><\/a>\t\t<\/div>\n\t\t\t\t\t\t\t\t<header class=\"wp-show-posts-entry-header\">\n\t\t\t\t\t\t\t<h4 class=\"wp-show-posts-entry-title\" itemprop=\"headline\"><a href=\"https:\/\/tabanobike.com\/eu\/rutas\/los-machucos\/\" rel=\"bookmark\">Los Machucos<\/a><\/h4><div class=\"wp-show-posts-entry-meta wp-show-posts-entry-meta-below-title post-meta-inline\"><span class=\"wp-show-posts-posted-on wp-show-posts-meta\">\n\t\t\t\t\t<a href=\"https:\/\/tabanobike.com\/eu\/rutas\/los-machucos\/\" title=\"\" rel=\"bookmark\"><time class=\"wp-show-posts-entry-date published\" datetime=\"2022-01-18T22:44:13+01:00\" itemprop=\"datePublished\"><\/time><time class=\"wp-show-posts-updated\" datetime=\"2022-02-18T13:03:23+01:00\" itemprop=\"dateModified\"><\/time><\/a>\n\t\t\t\t<\/span><\/div>\t\t\t\t\t\t<\/header><!-- .entry-header -->\n\t\t\t\t\t\t\t\t\t\t\t<div class=\"wp-show-posts-entry-summary\" itemprop=\"text\">\n\t\t\t\t\t\t\t<p>MTB irteera Arredondotik (Kantabria) Machucosen igoera ezagutzeko. Mironeseraino errepidez ibilita, Mironesetik mendiko pista eta asfaltoa nahasten dira.<\/p>\n\t\t\t\t\t\t<\/div><!-- .entry-summary -->\n\t\t\t\t\t<div class=\"wpsp-read-more\"><a title=\"Los Machucos\" class=\"wp-show-posts-read-more\" href=\"https:\/\/tabanobike.com\/eu\/rutas\/los-machucos\/\">Sartu<\/a><\/div><\/div><!-- wp-show-posts-inner --><\/article><article class=\"wp-show-posts-single post-286 page type-page status-publish has-post-thumbnail hentry category-carretera category-euskadi category-navarra category-rutas wpsp-col-4\" itemtype=\"http:\/\/schema.org\/CreativeWork\" itemscope><div class=\"wp-show-posts-inner\" style=\"\">\t\t<div class=\"wp-show-posts-image  wpsp-image-center\">\n\t\t\t<a href=\"https:\/\/tabanobike.com\/eu\/rutas\/landa-opakua-urbasa\/\"  title=\"Landa &#8211; Opakua &#8211; Urbasa\"><img loading=\"lazy\" decoding=\"async\" width=\"799\" height=\"600\" src=\"https:\/\/tabanobike.com\/wp-content\/uploads\/2022\/01\/799px-Opakua_-_Puerto_de_Opakua_021.jpg\" class=\"attachment-full size-full wp-post-image\" alt=\"\" itemprop=\"image\" srcset=\"https:\/\/tabanobike.com\/wp-content\/uploads\/2022\/01\/799px-Opakua_-_Puerto_de_Opakua_021.jpg 799w, https:\/\/tabanobike.com\/wp-content\/uploads\/2022\/01\/799px-Opakua_-_Puerto_de_Opakua_021-300x225.jpg 300w, https:\/\/tabanobike.com\/wp-content\/uploads\/2022\/01\/799px-Opakua_-_Puerto_de_Opakua_021-768x577.jpg 768w\" sizes=\"auto, (max-width: 799px) 100vw, 799px\" \/><\/a>\t\t<\/div>\n\t\t\t\t\t\t\t\t<header class=\"wp-show-posts-entry-header\">\n\t\t\t\t\t\t\t<h4 class=\"wp-show-posts-entry-title\" itemprop=\"headline\"><a href=\"https:\/\/tabanobike.com\/eu\/rutas\/landa-opakua-urbasa\/\" rel=\"bookmark\">Landa &#8211; Opakua &#8211; Urbasa<\/a><\/h4><div class=\"wp-show-posts-entry-meta wp-show-posts-entry-meta-below-title post-meta-inline\"><span class=\"wp-show-posts-posted-on wp-show-posts-meta\">\n\t\t\t\t\t<a href=\"https:\/\/tabanobike.com\/eu\/rutas\/landa-opakua-urbasa\/\" title=\"\" rel=\"bookmark\"><time class=\"wp-show-posts-entry-date published\" datetime=\"2022-01-18T22:39:39+01:00\" itemprop=\"datePublished\"><\/time><time class=\"wp-show-posts-updated\" datetime=\"2022-02-18T13:04:03+01:00\" itemprop=\"dateModified\"><\/time><\/a>\n\t\t\t\t<\/span><\/div>\t\t\t\t\t\t<\/header><!-- .entry-header -->\n\t\t\t\t\t\t\t\t\t\t\t<div class=\"wp-show-posts-entry-summary\" itemprop=\"text\">\n\t\t\t\t\t\t\t<p>Landako urtegitik errepide-irteera, lehendabizi opakuarantz joateko, eta, ondoren, Urbasara...<\/p>\n\t\t\t\t\t\t<\/div><!-- .entry-summary -->\n\t\t\t\t\t<div class=\"wpsp-read-more\"><a title=\"Landa &#8211; Opakua &#8211; Urbasa\" class=\"wp-show-posts-read-more\" href=\"https:\/\/tabanobike.com\/eu\/rutas\/landa-opakua-urbasa\/\">Sartu<\/a><\/div><\/div><!-- wp-show-posts-inner --><\/article><article class=\"wp-show-posts-single post-283 page type-page status-publish has-post-thumbnail hentry category-mtb category-euskadi category-rutas wpsp-col-4\" itemtype=\"http:\/\/schema.org\/CreativeWork\" itemscope><div class=\"wp-show-posts-inner\" style=\"\">\t\t<div class=\"wp-show-posts-image  wpsp-image-center\">\n\t\t\t<a href=\"https:\/\/tabanobike.com\/eu\/rutas\/karakate-gorla\/\"  title=\"Karakate &#8211; Gorla\"><img loading=\"lazy\" decoding=\"async\" width=\"1204\" height=\"903\" src=\"https:\/\/tabanobike.com\/wp-content\/uploads\/2022\/01\/IMG_20151210_114743481.jpg\" class=\"attachment-full size-full wp-post-image\" alt=\"\" itemprop=\"image\" srcset=\"https:\/\/tabanobike.com\/wp-content\/uploads\/2022\/01\/IMG_20151210_114743481.jpg 1204w, https:\/\/tabanobike.com\/wp-content\/uploads\/2022\/01\/IMG_20151210_114743481-300x225.jpg 300w, https:\/\/tabanobike.com\/wp-content\/uploads\/2022\/01\/IMG_20151210_114743481-1024x768.jpg 1024w, https:\/\/tabanobike.com\/wp-content\/uploads\/2022\/01\/IMG_20151210_114743481-768x576.jpg 768w\" sizes=\"auto, (max-width: 1204px) 100vw, 1204px\" \/><\/a>\t\t<\/div>\n\t\t\t\t\t\t\t\t<header class=\"wp-show-posts-entry-header\">\n\t\t\t\t\t\t\t<h4 class=\"wp-show-posts-entry-title\" itemprop=\"headline\"><a href=\"https:\/\/tabanobike.com\/eu\/rutas\/karakate-gorla\/\" rel=\"bookmark\">Karakate &#8211; Gorla<\/a><\/h4><div class=\"wp-show-posts-entry-meta wp-show-posts-entry-meta-below-title post-meta-inline\"><span class=\"wp-show-posts-posted-on wp-show-posts-meta\">\n\t\t\t\t\t<a href=\"https:\/\/tabanobike.com\/eu\/rutas\/karakate-gorla\/\" title=\"\" rel=\"bookmark\"><time class=\"wp-show-posts-entry-date published\" datetime=\"2022-01-18T22:34:46+01:00\" itemprop=\"datePublished\"><\/time><time class=\"wp-show-posts-updated\" datetime=\"2022-03-02T20:53:48+01:00\" itemprop=\"dateModified\"><\/time><\/a>\n\t\t\t\t<\/span><\/div>\t\t\t\t\t\t<\/header><!-- .entry-header -->\n\t\t\t\t\t\t\t\t\t\t\t<div class=\"wp-show-posts-entry-summary\" itemprop=\"text\">\n\t\t\t\t\t\t\t<p>MTB irteera Eibartik. Karakatera igoko gara Ezoziatik, trikuharrien bidetik jarraituko dugu Irukurutzeta gainera iritsi arte.<\/p>\n\t\t\t\t\t\t<\/div><!-- .entry-summary -->\n\t\t\t\t\t<div class=\"wpsp-read-more\"><a title=\"Karakate &#8211; Gorla\" class=\"wp-show-posts-read-more\" href=\"https:\/\/tabanobike.com\/eu\/rutas\/karakate-gorla\/\">Sartu<\/a><\/div><\/div><!-- wp-show-posts-inner --><\/article><article class=\"wp-show-posts-single post-275 page type-page status-publish has-post-thumbnail hentry category-burgos category-mtb category-rutas wpsp-col-4\" itemtype=\"http:\/\/schema.org\/CreativeWork\" itemscope><div class=\"wp-show-posts-inner\" style=\"\">\t\t<div class=\"wp-show-posts-image  wpsp-image-center\">\n\t\t\t<a href=\"https:\/\/tabanobike.com\/eu\/rutas\/frias\/\"  title=\"Frias\"><img loading=\"lazy\" decoding=\"async\" width=\"1204\" height=\"903\" src=\"https:\/\/tabanobike.com\/wp-content\/uploads\/2022\/01\/IMG_20190525_121540.jpg\" class=\"attachment-full size-full wp-post-image\" alt=\"\" itemprop=\"image\" srcset=\"https:\/\/tabanobike.com\/wp-content\/uploads\/2022\/01\/IMG_20190525_121540.jpg 1204w, https:\/\/tabanobike.com\/wp-content\/uploads\/2022\/01\/IMG_20190525_121540-300x225.jpg 300w, https:\/\/tabanobike.com\/wp-content\/uploads\/2022\/01\/IMG_20190525_121540-1024x768.jpg 1024w, https:\/\/tabanobike.com\/wp-content\/uploads\/2022\/01\/IMG_20190525_121540-768x576.jpg 768w\" sizes=\"auto, (max-width: 1204px) 100vw, 1204px\" \/><\/a>\t\t<\/div>\n\t\t\t\t\t\t\t\t<header class=\"wp-show-posts-entry-header\">\n\t\t\t\t\t\t\t<h4 class=\"wp-show-posts-entry-title\" itemprop=\"headline\"><a href=\"https:\/\/tabanobike.com\/eu\/rutas\/frias\/\" rel=\"bookmark\">Frias<\/a><\/h4><div class=\"wp-show-posts-entry-meta wp-show-posts-entry-meta-below-title post-meta-inline\"><span class=\"wp-show-posts-posted-on wp-show-posts-meta\">\n\t\t\t\t\t<a href=\"https:\/\/tabanobike.com\/eu\/rutas\/frias\/\" title=\"\" rel=\"bookmark\"><time class=\"wp-show-posts-entry-date published\" datetime=\"2022-01-18T22:22:22+01:00\" itemprop=\"datePublished\"><\/time><time class=\"wp-show-posts-updated\" datetime=\"2022-02-18T13:04:24+01:00\" itemprop=\"dateModified\"><\/time><\/a>\n\t\t\t\t<\/span><\/div>\t\t\t\t\t\t<\/header><!-- .entry-header -->\n\t\t\t\t\t\t\t\t\t\t\t<div class=\"wp-show-posts-entry-summary\" itemprop=\"text\">\n\t\t\t\t\t\t\t<p>MTB irteera oraingoan Burgosen, Friasen, jende guztiarentzat egokia den ibilbidea eta bista ikusgarriekin, Pedrosa de Tobalina ur-jauzia bisitatuz<\/p>\n\t\t\t\t\t\t<\/div><!-- .entry-summary -->\n\t\t\t\t\t<div class=\"wpsp-read-more\"><a title=\"Frias\" class=\"wp-show-posts-read-more\" href=\"https:\/\/tabanobike.com\/eu\/rutas\/frias\/\">Sartu<\/a><\/div><\/div><!-- wp-show-posts-inner --><\/article><article class=\"wp-show-posts-single post-257 page type-page status-publish has-post-thumbnail hentry category-carretera category-navarra category-rutas wpsp-col-4\" itemtype=\"http:\/\/schema.org\/CreativeWork\" itemscope><div class=\"wp-show-posts-inner\" style=\"\">\t\t<div class=\"wp-show-posts-image  wpsp-image-center\">\n\t\t\t<a href=\"https:\/\/tabanobike.com\/eu\/rutas\/andia\/\"  title=\"Andia Mendilerroa\"><img loading=\"lazy\" decoding=\"async\" width=\"2560\" height=\"1915\" src=\"https:\/\/tabanobike.com\/wp-content\/uploads\/2022\/01\/IMG_20210724_130241-scaled.jpg\" class=\"attachment-full size-full wp-post-image\" alt=\"\" itemprop=\"image\" srcset=\"https:\/\/tabanobike.com\/wp-content\/uploads\/2022\/01\/IMG_20210724_130241-scaled.jpg 2560w, https:\/\/tabanobike.com\/wp-content\/uploads\/2022\/01\/IMG_20210724_130241-300x224.jpg 300w, https:\/\/tabanobike.com\/wp-content\/uploads\/2022\/01\/IMG_20210724_130241-1024x766.jpg 1024w, https:\/\/tabanobike.com\/wp-content\/uploads\/2022\/01\/IMG_20210724_130241-768x574.jpg 768w, https:\/\/tabanobike.com\/wp-content\/uploads\/2022\/01\/IMG_20210724_130241-1536x1149.jpg 1536w, https:\/\/tabanobike.com\/wp-content\/uploads\/2022\/01\/IMG_20210724_130241-2048x1532.jpg 2048w\" sizes=\"auto, (max-width: 2560px) 100vw, 2560px\" \/><\/a>\t\t<\/div>\n\t\t\t\t\t\t\t\t<header class=\"wp-show-posts-entry-header\">\n\t\t\t\t\t\t\t<h4 class=\"wp-show-posts-entry-title\" itemprop=\"headline\"><a href=\"https:\/\/tabanobike.com\/eu\/rutas\/andia\/\" rel=\"bookmark\">Andia Mendilerroa<\/a><\/h4><div class=\"wp-show-posts-entry-meta wp-show-posts-entry-meta-below-title post-meta-inline\"><span class=\"wp-show-posts-posted-on wp-show-posts-meta\">\n\t\t\t\t\t<a href=\"https:\/\/tabanobike.com\/eu\/rutas\/andia\/\" title=\"\" rel=\"bookmark\"><time class=\"wp-show-posts-entry-date published\" datetime=\"2022-01-18T22:11:07+01:00\" itemprop=\"datePublished\"><\/time><time class=\"wp-show-posts-updated\" datetime=\"2022-02-18T13:02:19+01:00\" itemprop=\"dateModified\"><\/time><\/a>\n\t\t\t\t<\/span><\/div>\t\t\t\t\t\t<\/header><!-- .entry-header -->\n\t\t\t\t\t\t\t\t\t\t\t<div class=\"wp-show-posts-entry-summary\" itemprop=\"text\">\n\t\t\t\t\t\t\t<p>Arruazutik, Andia mendilerrotik, Lizarragako mendatetik eta Etxauritik irteten den errepide-ibilbidea.<\/p>\n\t\t\t\t\t\t<\/div><!-- .entry-summary -->\n\t\t\t\t\t<div class=\"wpsp-read-more\"><a title=\"Andia Mendilerroa\" class=\"wp-show-posts-read-more\" href=\"https:\/\/tabanobike.com\/eu\/rutas\/andia\/\">Sartu<\/a><\/div><\/div><!-- wp-show-posts-inner --><\/article><article class=\"wp-show-posts-single post-259 page type-page status-publish has-post-thumbnail hentry category-mtb category-navarra category-rutas wpsp-col-4\" itemtype=\"http:\/\/schema.org\/CreativeWork\" itemscope><div class=\"wp-show-posts-inner\" style=\"\">\t\t<div class=\"wp-show-posts-image  wpsp-image-center\">\n\t\t\t<a href=\"https:\/\/tabanobike.com\/eu\/rutas\/acedo\/\"  title=\"Acedo\"><img loading=\"lazy\" decoding=\"async\" width=\"960\" height=\"720\" src=\"https:\/\/tabanobike.com\/wp-content\/uploads\/2022\/01\/IMG-20190428-WA0013.jpg\" class=\"attachment-full size-full wp-post-image\" alt=\"\" itemprop=\"image\" srcset=\"https:\/\/tabanobike.com\/wp-content\/uploads\/2022\/01\/IMG-20190428-WA0013.jpg 960w, https:\/\/tabanobike.com\/wp-content\/uploads\/2022\/01\/IMG-20190428-WA0013-300x225.jpg 300w, https:\/\/tabanobike.com\/wp-content\/uploads\/2022\/01\/IMG-20190428-WA0013-768x576.jpg 768w\" sizes=\"auto, (max-width: 960px) 100vw, 960px\" \/><\/a>\t\t<\/div>\n\t\t\t\t\t\t\t\t<header class=\"wp-show-posts-entry-header\">\n\t\t\t\t\t\t\t<h4 class=\"wp-show-posts-entry-title\" itemprop=\"headline\"><a href=\"https:\/\/tabanobike.com\/eu\/rutas\/acedo\/\" rel=\"bookmark\">Acedo<\/a><\/h4><div class=\"wp-show-posts-entry-meta wp-show-posts-entry-meta-below-title post-meta-inline\"><span class=\"wp-show-posts-posted-on wp-show-posts-meta\">\n\t\t\t\t\t<a href=\"https:\/\/tabanobike.com\/eu\/rutas\/acedo\/\" title=\"\" rel=\"bookmark\"><time class=\"wp-show-posts-entry-date published\" datetime=\"2022-01-18T22:06:13+01:00\" itemprop=\"datePublished\"><\/time><time class=\"wp-show-posts-updated\" datetime=\"2022-02-18T13:13:33+01:00\" itemprop=\"dateModified\"><\/time><\/a>\n\t\t\t\t<\/span><\/div>\t\t\t\t\t\t<\/header><!-- .entry-header -->\n\t\t\t\t\t\t\t\t\t\t\t<div class=\"wp-show-posts-entry-summary\" itemprop=\"text\">\n\t\t\t\t\t\t\t<p>Irteera lekua: Acedo (Nafarroa) MTBren irteera Acedotik eta inguruetatik, Kilometroak guztira: 45km Metro igota: 850m...<\/p>\n\t\t\t\t\t\t<\/div><!-- .entry-summary -->\n\t\t\t\t\t<div class=\"wpsp-read-more\"><a title=\"Acedo\" class=\"wp-show-posts-read-more\" href=\"https:\/\/tabanobike.com\/eu\/rutas\/acedo\/\">Sartu<\/a><\/div><\/div><!-- wp-show-posts-inner --><\/article><article class=\"wp-show-posts-single post-929 page type-page status-publish has-post-thumbnail hentry category-mtb category-euskadi category-rutas wpsp-col-4\" itemtype=\"http:\/\/schema.org\/CreativeWork\" itemscope><div class=\"wp-show-posts-inner\" style=\"\">\t\t<div class=\"wp-show-posts-image  wpsp-image-center\">\n\t\t\t<a href=\"https:\/\/tabanobike.com\/eu\/rutas\/aramaio\/\"  title=\"Aramaio\"><img loading=\"lazy\" decoding=\"async\" width=\"1107\" height=\"830\" src=\"https:\/\/tabanobike.com\/wp-content\/uploads\/2022\/01\/P1040655.jpg\" class=\"attachment-full size-full wp-post-image\" alt=\"\" itemprop=\"image\" srcset=\"https:\/\/tabanobike.com\/wp-content\/uploads\/2022\/01\/P1040655.jpg 1107w, https:\/\/tabanobike.com\/wp-content\/uploads\/2022\/01\/P1040655-300x225.jpg 300w, https:\/\/tabanobike.com\/wp-content\/uploads\/2022\/01\/P1040655-1024x768.jpg 1024w, https:\/\/tabanobike.com\/wp-content\/uploads\/2022\/01\/P1040655-768x576.jpg 768w\" sizes=\"auto, (max-width: 1107px) 100vw, 1107px\" \/><\/a>\t\t<\/div>\n\t\t\t\t\t\t\t\t<header class=\"wp-show-posts-entry-header\">\n\t\t\t\t\t\t\t<h4 class=\"wp-show-posts-entry-title\" itemprop=\"headline\"><a href=\"https:\/\/tabanobike.com\/eu\/rutas\/aramaio\/\" rel=\"bookmark\">Aramaio<\/a><\/h4><div class=\"wp-show-posts-entry-meta wp-show-posts-entry-meta-below-title post-meta-inline\"><span class=\"wp-show-posts-posted-on wp-show-posts-meta\">\n\t\t\t\t\t<a href=\"https:\/\/tabanobike.com\/eu\/rutas\/aramaio\/\" title=\"\" rel=\"bookmark\"><time class=\"wp-show-posts-entry-date published\" datetime=\"2022-01-18T19:43:13+01:00\" itemprop=\"datePublished\"><\/time><time class=\"wp-show-posts-updated\" datetime=\"2022-02-28T19:55:44+01:00\" itemprop=\"dateModified\"><\/time><\/a>\n\t\t\t\t<\/span><\/div>\t\t\t\t\t\t<\/header><!-- .entry-header -->\n\t\t\t\t\t\t\t\t\t\t\t<div class=\"wp-show-posts-entry-summary\" itemprop=\"text\">\n\t\t\t\t\t\t\t<p>MTB irteera Eibartik, Aixolako presa, Kanpazar gaina, Besaide, Zabalaundi igarota, Aramaio auzoak zeharkatuz, eta, ondoren, Krutzetara igo, Untzillatik igarota Arrasateraino jaitsi eta Eibarrera itzuliko gara bidegorritik.<\/p>\n\t\t\t\t\t\t<\/div><!-- .entry-summary -->\n\t\t\t\t\t<div class=\"wpsp-read-more\"><a title=\"Aramaio\" class=\"wp-show-posts-read-more\" href=\"https:\/\/tabanobike.com\/eu\/rutas\/aramaio\/\">Sartu<\/a><\/div><\/div><!-- wp-show-posts-inner --><\/article><article class=\"wp-show-posts-single post-249 page type-page status-publish has-post-thumbnail hentry category-mtb category-euskadi category-rutas wpsp-col-4\" itemtype=\"http:\/\/schema.org\/CreativeWork\" itemscope><div class=\"wp-show-posts-inner\" style=\"\">\t\t<div class=\"wp-show-posts-image  wpsp-image-center\">\n\t\t\t<a href=\"https:\/\/tabanobike.com\/eu\/rutas\/raid-eibar-2\/\"  title=\"Raid Eibar\"><img loading=\"lazy\" decoding=\"async\" width=\"951\" height=\"713\" src=\"https:\/\/tabanobike.com\/wp-content\/uploads\/2022\/02\/Captura.png\" class=\"attachment-full size-full wp-post-image\" alt=\"\" itemprop=\"image\" srcset=\"https:\/\/tabanobike.com\/wp-content\/uploads\/2022\/02\/Captura.png 951w, https:\/\/tabanobike.com\/wp-content\/uploads\/2022\/02\/Captura-300x225.png 300w, https:\/\/tabanobike.com\/wp-content\/uploads\/2022\/02\/Captura-768x576.png 768w\" sizes=\"auto, (max-width: 951px) 100vw, 951px\" \/><\/a>\t\t<\/div>\n\t\t\t\t\t\t\t\t<header class=\"wp-show-posts-entry-header\">\n\t\t\t\t\t\t\t<h4 class=\"wp-show-posts-entry-title\" itemprop=\"headline\"><a href=\"https:\/\/tabanobike.com\/eu\/rutas\/raid-eibar-2\/\" rel=\"bookmark\">Raid Eibar<\/a><\/h4><div class=\"wp-show-posts-entry-meta wp-show-posts-entry-meta-below-title post-meta-inline\"><span class=\"wp-show-posts-posted-on wp-show-posts-meta\">\n\t\t\t\t\t<a href=\"https:\/\/tabanobike.com\/eu\/rutas\/raid-eibar-2\/\" title=\"\" rel=\"bookmark\"><time class=\"wp-show-posts-entry-date published\" datetime=\"2022-01-18T18:41:27+01:00\" itemprop=\"datePublished\"><\/time><time class=\"wp-show-posts-updated\" datetime=\"2022-02-18T13:02:45+01:00\" itemprop=\"dateModified\"><\/time><\/a>\n\t\t\t\t<\/span><\/div>\t\t\t\t\t\t<\/header><!-- .entry-header -->\n\t\t\t\t\t\t\t\t\t\t\t<div class=\"wp-show-posts-entry-summary\" itemprop=\"text\">\n\t\t\t\t\t\t\t<p>Irteera lekua: Eibar (Gipuzkoa) MTB irteera Anbotora itzuliz bikeibar Kilometroen 10. urteurrena ospatuz: 59km Metroak: 1500m...<\/p>\n\t\t\t\t\t\t<\/div><!-- .entry-summary -->\n\t\t\t\t\t<div class=\"wpsp-read-more\"><a title=\"Raid Eibar\" class=\"wp-show-posts-read-more\" href=\"https:\/\/tabanobike.com\/eu\/rutas\/raid-eibar-2\/\">Sartu<\/a><\/div><\/div><!-- wp-show-posts-inner --><\/article><article class=\"wp-show-posts-single post-92 page type-page status-publish has-post-thumbnail hentry category-mtb category-euskadi category-rutas wpsp-col-4\" itemtype=\"http:\/\/schema.org\/CreativeWork\" itemscope><div class=\"wp-show-posts-inner\" style=\"\">\t\t<div class=\"wp-show-posts-image  wpsp-image-center\">\n\t\t\t<a href=\"https:\/\/tabanobike.com\/eu\/rutas\/posten-bidea-zalduendo\/\"  title=\"Posten Bidea &#8211; Zalduendo\"><img loading=\"lazy\" decoding=\"async\" width=\"922\" height=\"692\" src=\"https:\/\/tabanobike.com\/wp-content\/uploads\/2022\/02\/P1040213.jpg\" class=\"attachment-full size-full wp-post-image\" alt=\"\" itemprop=\"image\" srcset=\"https:\/\/tabanobike.com\/wp-content\/uploads\/2022\/02\/P1040213.jpg 922w, https:\/\/tabanobike.com\/wp-content\/uploads\/2022\/02\/P1040213-300x225.jpg 300w, https:\/\/tabanobike.com\/wp-content\/uploads\/2022\/02\/P1040213-768x576.jpg 768w\" sizes=\"auto, (max-width: 922px) 100vw, 922px\" \/><\/a>\t\t<\/div>\n\t\t\t\t\t\t\t\t<header class=\"wp-show-posts-entry-header\">\n\t\t\t\t\t\t\t<h4 class=\"wp-show-posts-entry-title\" itemprop=\"headline\"><a href=\"https:\/\/tabanobike.com\/eu\/rutas\/posten-bidea-zalduendo\/\" rel=\"bookmark\">Posten Bidea &#8211; Zalduendo<\/a><\/h4><div class=\"wp-show-posts-entry-meta wp-show-posts-entry-meta-below-title post-meta-inline\"><span class=\"wp-show-posts-posted-on wp-show-posts-meta\">\n\t\t\t\t\t<a href=\"https:\/\/tabanobike.com\/eu\/rutas\/posten-bidea-zalduendo\/\" title=\"\" rel=\"bookmark\"><time class=\"wp-show-posts-entry-date published\" datetime=\"2022-01-18T00:00:02+01:00\" itemprop=\"datePublished\"><\/time><time class=\"wp-show-posts-updated\" datetime=\"2022-02-18T13:02:55+01:00\" itemprop=\"dateModified\"><\/time><\/a>\n\t\t\t\t<\/span><\/div>\t\t\t\t\t\t<\/header><!-- .entry-header -->\n\t\t\t\t\t\t\t\t\t\t\t<div class=\"wp-show-posts-entry-summary\" itemprop=\"text\">\n\t\t\t\t\t\t\t<p>Irteera lekua: Zalduendo (Araba) MTB ibilbidea Zalduendotik irtenda. Postako Errege Bidea postak ibiltzen ziren bidea zen, XV. mendekoa..<\/p>\n\t\t\t\t\t\t<\/div><!-- .entry-summary -->\n\t\t\t\t\t<div class=\"wpsp-read-more\"><a title=\"Posten Bidea &#8211; Zalduendo\" class=\"wp-show-posts-read-more\" href=\"https:\/\/tabanobike.com\/eu\/rutas\/posten-bidea-zalduendo\/\">Sartu<\/a><\/div><\/div><!-- wp-show-posts-inner --><\/article><div class=\"wpsp-clear\"><\/div><\/section><!-- .wp-show-posts -->","protected":false},"excerpt":{"rendered":"","protected":false},"author":1,"featured_media":0,"parent":0,"menu_order":0,"comment_status":"closed","ping_status":"closed","template":"page-fullwidth.php","meta":{"kt_blocks_editor_width":"","footnotes":""},"categories":[],"tags":[],"class_list":["post-147","page","type-page","status-publish","hentry"],"aioseo_notices":[],"_links":{"self":[{"href":"https:\/\/tabanobike.com\/eu\/wp-json\/wp\/v2\/pages\/147","targetHints":{"allow":["GET"]}}],"collection":[{"href":"https:\/\/tabanobike.com\/eu\/wp-json\/wp\/v2\/pages"}],"about":[{"href":"https:\/\/tabanobike.com\/eu\/wp-json\/wp\/v2\/types\/page"}],"author":[{"embeddable":true,"href":"https:\/\/tabanobike.com\/eu\/wp-json\/wp\/v2\/users\/1"}],"replies":[{"embeddable":true,"href":"https:\/\/tabanobike.com\/eu\/wp-json\/wp\/v2\/comments?post=147"}],"version-history":[{"count":5,"href":"https:\/\/tabanobike.com\/eu\/wp-json\/wp\/v2\/pages\/147\/revisions"}],"predecessor-version":[{"id":778,"href":"https:\/\/tabanobike.com\/eu\/wp-json\/wp\/v2\/pages\/147\/revisions\/778"}],"wp:attachment":[{"href":"https:\/\/tabanobike.com\/eu\/wp-json\/wp\/v2\/media?parent=147"}],"wp:term":[{"taxonomy":"category","embeddable":true,"href":"https:\/\/tabanobike.com\/eu\/wp-json\/wp\/v2\/categories?post=147"},{"taxonomy":"post_tag","embeddable":true,"href":"https:\/\/tabanobike.com\/eu\/wp-json\/wp\/v2\/tags?post=147"}],"curies":[{"name":"wp","href":"https:\/\/api.w.org\/{rel}","templated":true}]}}